{"id":2880,"date":"2021-03-29T17:59:50","date_gmt":"2021-03-29T15:59:50","guid":{"rendered":"https:\/\/madridforrefugees.org\/?page_id=2880"},"modified":"2022-03-02T12:27:40","modified_gmt":"2022-03-02T11:27:40","slug":"equipo","status":"publish","type":"page","link":"https:\/\/madridforrefugees.org\/es\/la-organizacion\/equipo\/","title":{"rendered":"Nuestro equipo"},"content":{"rendered":"<p><center><\/p>\n<h3>Junta<\/h3>\n<p><\/center><br \/>\n<div class=\"tmm tmm_officers\"><div class=\"tmm_3_columns tmm_wrap tmm_plugin_f\"><span class=\"tmm_two_containers_tablet\"><\/span><div class=\"tmm_container\"><div class=\"tmm_member\" style=\"border-top:#333333 solid 5px;\"><div class=\"tmm_photo tmm_pic_officers_0\" style=\"background: url(https:\/\/madridforrefugees.org\/wp-content\/uploads\/2021\/03\/Christina-Samson.jpeg); margin-left: auto; margin-right:auto; background-size:cover !important;\"><\/div><div class=\"tmm_textblock\"><div class=\"tmm_names\"><span class=\"tmm_fname\">Christina<\/span> <span class=\"tmm_lname\">Samson<\/span><\/div><div class=\"tmm_job\">President &amp; Co-Founder<\/div><div class=\"tmm_scblock\"><a target=\"_blank\" class=\"tmm_sociallink\" href=\"https:\/\/www.linkedin.com\/in\/tinasamson\/\" title=\"\"><img decoding=\"async\" alt=\"\" src=\"https:\/\/madridforrefugees.org\/wp-content\/plugins\/team-members\/inc\/img\/links\/linkedin.png\"\/><\/a><\/div><\/div><\/div><div class=\"tmm_member\" style=\"border-top:#333333 solid 5px;\"><div class=\"tmm_photo tmm_pic_officers_1\" style=\"background: url(https:\/\/madridforrefugees.org\/wp-content\/uploads\/2021\/03\/REFUSION_MADRID_EQUIPO_01.jpg); margin-left: auto; margin-right:auto; background-size:cover !important;\"><\/div><div class=\"tmm_textblock\"><div class=\"tmm_names\"><span class=\"tmm_fname\">Ivan<\/span> <span class=\"tmm_lname\">Villanueva<\/span><\/div><div class=\"tmm_job\">Vice President &amp; Co-Founder<\/div><div class=\"tmm_scblock\"><a target=\"_blank\" class=\"tmm_sociallink\" href=\"https:\/\/www.linkedin.com\/in\/ivan-villanueva-wheeler-b62a44a8\/\" title=\"\"><img decoding=\"async\" alt=\"\" src=\"https:\/\/madridforrefugees.org\/wp-content\/plugins\/team-members\/inc\/img\/links\/linkedin.png\"\/><\/a><\/div><\/div><\/div><div style=\"clear:both;\"><\/div><\/div><\/div><\/div><\/p>\n<p><center><\/p>\n<h3>Outreach y eventos<\/h3>\n<p><\/center><br \/>\n<div class=\"tmm tmm_outreach\"><div class=\"tmm_4_columns tmm_wrap tmm_plugin_f\"><span class=\"tmm_two_containers_tablet\"><\/span><div class=\"tmm_container\"><div class=\"tmm_member\" style=\"border-top:#333333 solid 5px;\"><div class=\"tmm_photo tmm_pic_outreach_0\" style=\"background: url(https:\/\/madridforrefugees.org\/wp-content\/uploads\/2021\/03\/Anastasia.jpeg); margin-left: auto; margin-right:auto; background-size:cover !important;\"><\/div><div class=\"tmm_textblock\"><div class=\"tmm_names\"><span class=\"tmm_fname\">Anastasia<\/span> <span class=\"tmm_lname\">Djedjeia<\/span><\/div><div class=\"tmm_job\">Events Coordinator<\/div><div class=\"tmm_scblock\"><a target=\"_blank\" class=\"tmm_sociallink\" href=\"https:\/\/www.linkedin.com\/in\/anastasiadjedjeia\/\" title=\"\"><img decoding=\"async\" alt=\"\" src=\"https:\/\/madridforrefugees.org\/wp-content\/plugins\/team-members\/inc\/img\/links\/linkedin.png\"\/><\/a><\/div><\/div><\/div><div class=\"tmm_member\" style=\"border-top:#333333 solid 5px;\"><div class=\"tmm_photo tmm_pic_outreach_1\" style=\"background: url(https:\/\/madridforrefugees.org\/wp-content\/uploads\/2021\/03\/Thalia.jpeg); margin-left: auto; margin-right:auto; background-size:cover !important;\"><\/div><div class=\"tmm_textblock\"><div class=\"tmm_names\"><span class=\"tmm_fname\">Thalia<\/span> <span class=\"tmm_lname\">Montes<\/span><\/div><div class=\"tmm_job\">Events Coordinator<\/div><div class=\"tmm_scblock\"><a target=\"_blank\" class=\"tmm_sociallink\" href=\"https:\/\/www.linkedin.com\/in\/thaliamontes\/\" title=\"\"><img decoding=\"async\" alt=\"\" src=\"https:\/\/madridforrefugees.org\/wp-content\/plugins\/team-members\/inc\/img\/links\/linkedin.png\"\/><\/a><\/div><\/div><\/div><span class=\"tmm_two_containers_tablet\"><\/span><div class=\"tmm_member\" style=\"border-top:#333333 solid 5px;\"><div class=\"tmm_photo tmm_pic_outreach_2\" style=\"background: url(https:\/\/madridforrefugees.org\/wp-content\/uploads\/2021\/03\/Vesta.jpeg); margin-left: auto; margin-right:auto; background-size:cover !important;\"><\/div><div class=\"tmm_textblock\"><div class=\"tmm_names\"><span class=\"tmm_fname\">Vesta<\/span> <span class=\"tmm_lname\">Rounsaville<\/span><\/div><div class=\"tmm_job\">Artistic Events Coordinator<\/div><div class=\"tmm_scblock\"><a target=\"_blank\" class=\"tmm_sociallink\" href=\"https:\/\/www.linkedin.com\/in\/vesta-rounsaville\" title=\"\"><img decoding=\"async\" alt=\"\" src=\"https:\/\/madridforrefugees.org\/wp-content\/plugins\/team-members\/inc\/img\/links\/linkedin.png\"\/><\/a><\/div><\/div><\/div><div class=\"tmm_member\" style=\"border-top:#333333 solid 5px;\"><div class=\"tmm_photo tmm_pic_outreach_3\" style=\"background: url(https:\/\/madridforrefugees.org\/wp-content\/uploads\/2021\/03\/Paola.jpeg); margin-left: auto; margin-right:auto; background-size:cover !important;\"><\/div><div class=\"tmm_textblock\"><div class=\"tmm_names\"><span class=\"tmm_fname\">Diana Paola<\/span> <span class=\"tmm_lname\">Ponce<\/span><\/div><div class=\"tmm_job\">Arabic-Spanish Exchange Coordinator<\/div><div class=\"tmm_scblock\"><a target=\"_blank\" class=\"tmm_sociallink\" href=\"https:\/\/www.linkedin.com\/in\/diana-paola-ponce-a7292351\/\" title=\"\"><img decoding=\"async\" alt=\"\" src=\"https:\/\/madridforrefugees.org\/wp-content\/plugins\/team-members\/inc\/img\/links\/linkedin.png\"\/><\/a><\/div><\/div><\/div><span class=\"tmm_two_containers_tablet\"><\/span><\/div><span class=\"tmm_columns_containers_desktop\"><\/span><div class=\"tmm_container\"><div class=\"tmm_member\" style=\"border-top:#333333 solid 5px;\"><div class=\"tmm_photo tmm_pic_outreach_4\" style=\"background: url(https:\/\/madridforrefugees.org\/wp-content\/uploads\/2021\/03\/sophiee.jpeg); margin-left: auto; margin-right:auto; background-size:cover !important;\"><\/div><div class=\"tmm_textblock\"><div class=\"tmm_names\"><span class=\"tmm_fname\">Sophie<\/span> <span class=\"tmm_lname\">Escobar<\/span><\/div><div class=\"tmm_job\">Events Support<\/div><div class=\"tmm_scblock\"><a target=\"_blank\" class=\"tmm_sociallink\" href=\"https:\/\/www.linkedin.com\/in\/sophie-escobar\/\" title=\"\"><img decoding=\"async\" alt=\"\" src=\"https:\/\/madridforrefugees.org\/wp-content\/plugins\/team-members\/inc\/img\/links\/linkedin.png\"\/><\/a><\/div><\/div><\/div><div class=\"tmm_member\" style=\"border-top:#333333 solid 5px;\"><div class=\"tmm_photo tmm_pic_outreach_5\" style=\"background: url(https:\/\/madridforrefugees.org\/wp-content\/uploads\/2021\/03\/Nikole-Hyndman.jpeg); margin-left: auto; margin-right:auto; background-size:cover !important;\"><\/div><div class=\"tmm_textblock\"><div class=\"tmm_names\"><span class=\"tmm_fname\">Nikole<\/span> <span class=\"tmm_lname\">Hyndman<\/span><\/div><div class=\"tmm_job\">Copywriter<\/div><div class=\"tmm_scblock\"><a target=\"_blank\" class=\"tmm_sociallink\" href=\"https:\/\/www.linkedin.com\/in\/nikole-hyndman\/\" title=\"\"><img decoding=\"async\" alt=\"\" src=\"https:\/\/madridforrefugees.org\/wp-content\/plugins\/team-members\/inc\/img\/links\/linkedin.png\"\/><\/a><\/div><\/div><\/div><span class=\"tmm_two_containers_tablet\"><\/span><div class=\"tmm_member\" style=\"border-top:#333333 solid 5px;\"><div class=\"tmm_photo tmm_pic_outreach_6\" style=\"background: url(https:\/\/madridforrefugees.org\/wp-content\/uploads\/2021\/03\/Kyler-Canastra.jpeg); margin-left: auto; margin-right:auto; background-size:cover !important;\"><\/div><div class=\"tmm_textblock\"><div class=\"tmm_names\"><span class=\"tmm_fname\">Kyler<\/span> <span class=\"tmm_lname\">Canastra<\/span><\/div><div class=\"tmm_job\">Copywriter<\/div><div class=\"tmm_scblock\"><a target=\"_blank\" class=\"tmm_sociallink\" href=\"https:\/\/www.linkedin.com\/in\/kyler-g-canastra\/\" title=\"\"><img decoding=\"async\" alt=\"\" src=\"https:\/\/madridforrefugees.org\/wp-content\/plugins\/team-members\/inc\/img\/links\/linkedin.png\"\/><\/a><\/div><\/div><\/div><div style=\"clear:both;\"><\/div><\/div><\/div><\/div><\/p>\n<p><center><\/p>\n<h3>Donaciones<\/h3>\n<p><\/center><br \/>\n<div class=\"tmm tmm_donations\"><div class=\"tmm_4_columns tmm_wrap tmm_plugin_f\"><span class=\"tmm_two_containers_tablet\"><\/span><div class=\"tmm_container\"><div class=\"tmm_member\" style=\"border-top:#333333 solid 5px;\"><div class=\"tmm_photo tmm_pic_donations_0\" style=\"background: url(https:\/\/madridforrefugees.org\/wp-content\/uploads\/2021\/03\/Meredith.jpeg); margin-left: auto; margin-right:auto; background-size:cover !important;\"><\/div><div class=\"tmm_textblock\"><div class=\"tmm_names\"><span class=\"tmm_fname\">Meredith<\/span> <span class=\"tmm_lname\">Moore<\/span><\/div><div class=\"tmm_job\">Donations Coordinator<\/div><div class=\"tmm_scblock\"><a target=\"_blank\" class=\"tmm_sociallink\" href=\"http:\/\/www.linkedin.com\/in\/meredithkatemoore\" title=\"\"><img decoding=\"async\" alt=\"\" src=\"https:\/\/madridforrefugees.org\/wp-content\/plugins\/team-members\/inc\/img\/links\/linkedin.png\"\/><\/a><\/div><\/div><\/div><div class=\"tmm_member\" style=\"border-top:#333333 solid 5px;\"><div class=\"tmm_photo tmm_pic_donations_1\" style=\"background: url(https:\/\/madridforrefugees.org\/wp-content\/uploads\/2021\/03\/martinam.jpeg); margin-left: auto; margin-right:auto; background-size:cover !important;\"><\/div><div class=\"tmm_textblock\"><div class=\"tmm_names\"><span class=\"tmm_fname\">Martina<\/span> <span class=\"tmm_lname\">Gargari<\/span><\/div><div class=\"tmm_job\">Donations Coordinator<\/div><div class=\"tmm_scblock\"><a target=\"_blank\" class=\"tmm_sociallink\" href=\"http:\/\/www.linkedin.com\/in\/martina-gargari\" title=\"\"><img decoding=\"async\" alt=\"\" src=\"https:\/\/madridforrefugees.org\/wp-content\/plugins\/team-members\/inc\/img\/links\/linkedin.png\"\/><\/a><\/div><\/div><\/div><div style=\"clear:both;\"><\/div><\/div><\/div><\/div><\/p>\n<p><center><\/p>\n<h3>RefuTeach: Lengua inglesa y ling\u00fc\u00edstica aplicada<\/h3>\n<p><\/center><br \/>\n<div class=\"tmm tmm_english\"><div class=\"tmm_4_columns tmm_wrap tmm_plugin_f\"><span class=\"tmm_two_containers_tablet\"><\/span><div class=\"tmm_container\"><div class=\"tmm_member\" style=\"border-top:#333333 solid 5px;\"><div class=\"tmm_photo tmm_pic_english_0\" style=\"background: url(https:\/\/madridforrefugees.org\/wp-content\/uploads\/2021\/03\/Dulcinea-Toma\u0301s-Ca\u0301mara.jpg); margin-left: auto; margin-right:auto; background-size:cover !important;\"><\/div><div class=\"tmm_textblock\"><div class=\"tmm_names\"><span class=\"tmm_fname\">Dulcinea <\/span> <span class=\"tmm_lname\">Tom\u00e1s C\u00e1mara, PhD<\/span><\/div><div class=\"tmm_job\">Refuteach Coordinator<\/div><div class=\"tmm_scblock\"><a target=\"_blank\" class=\"tmm_sociallink\" href=\"http:\/\/orcid.org\/0000-0002-9110-9807\" title=\"\"><img decoding=\"async\" alt=\"\" src=\"https:\/\/madridforrefugees.org\/wp-content\/plugins\/team-members\/inc\/img\/links\/website.png\"\/><\/a><\/div><\/div><\/div><div class=\"tmm_member\" style=\"border-top:#333333 solid 5px;\"><div class=\"tmm_photo tmm_pic_english_1\" style=\"background: url(https:\/\/madridforrefugees.org\/wp-content\/uploads\/2021\/03\/Gloria-Chamorro.jpeg); margin-left: auto; margin-right:auto; background-size:cover !important;\"><\/div><div class=\"tmm_textblock\"><div class=\"tmm_names\"><span class=\"tmm_fname\">Gloria<\/span> <span class=\"tmm_lname\">Chamorro, PhD<\/span><\/div><div class=\"tmm_job\">Refuteach Coordinator<\/div><div class=\"tmm_scblock\"><a target=\"_blank\" class=\"tmm_sociallink\" href=\"https:\/\/www.linkedin.com\/in\/gloria-chamorro-phd-9160a711\/\" title=\"\"><img decoding=\"async\" alt=\"\" src=\"https:\/\/madridforrefugees.org\/wp-content\/plugins\/team-members\/inc\/img\/links\/linkedin.png\"\/><\/a><\/div><\/div><\/div><span class=\"tmm_two_containers_tablet\"><\/span><div class=\"tmm_member\" style=\"border-top:#333333 solid 5px;\"><div class=\"tmm_photo tmm_pic_english_2\" style=\"background: url(https:\/\/madridforrefugees.org\/wp-content\/uploads\/2021\/03\/laura.jpeg); margin-left: auto; margin-right:auto; background-size:cover !important;\"><\/div><div class=\"tmm_textblock\"><div class=\"tmm_names\"><span class=\"tmm_fname\">Laura<\/span> <span class=\"tmm_lname\">Turner, PhD Candidate<\/span><\/div><div class=\"tmm_job\">Refuteach Coordinator<\/div><div class=\"tmm_scblock\"><a target=\"_blank\" class=\"tmm_sociallink\" href=\"https:\/\/www.linkedin.com\/in\/laura-turner-27bb8878\/\" title=\"\"><img decoding=\"async\" alt=\"\" src=\"https:\/\/madridforrefugees.org\/wp-content\/plugins\/team-members\/inc\/img\/links\/linkedin.png\"\/><\/a><\/div><\/div><\/div><div class=\"tmm_member\" style=\"border-top:#333333 solid 5px;\"><div class=\"tmm_photo tmm_pic_english_3\" style=\"background: url(https:\/\/madridforrefugees.org\/wp-content\/uploads\/2021\/03\/annabellelafond.jpeg); margin-left: auto; margin-right:auto; background-size:cover !important;\"><\/div><div class=\"tmm_textblock\"><div class=\"tmm_names\"><span class=\"tmm_fname\">Annabelle<\/span> <span class=\"tmm_lname\">LaFond<\/span><\/div><div class=\"tmm_job\">Instructor<\/div><div class=\"tmm_scblock\"><a target=\"_blank\" class=\"tmm_sociallink\" href=\"https:\/\/www.linkedin.com\/in\/annabellelafond\/\" title=\"\"><img decoding=\"async\" alt=\"\" src=\"https:\/\/madridforrefugees.org\/wp-content\/plugins\/team-members\/inc\/img\/links\/linkedin.png\"\/><\/a><\/div><\/div><\/div><span class=\"tmm_two_containers_tablet\"><\/span><\/div><span class=\"tmm_columns_containers_desktop\"><\/span><div class=\"tmm_container\"><div class=\"tmm_member\" style=\"border-top:#333333 solid 5px;\"><div class=\"tmm_photo tmm_pic_english_4\" style=\"background: url(https:\/\/madridforrefugees.org\/wp-content\/uploads\/2021\/03\/hsuarez.jpeg); margin-left: auto; margin-right:auto; background-size:cover !important;\"><\/div><div class=\"tmm_textblock\"><div class=\"tmm_names\"><span class=\"tmm_fname\">Hannah<\/span> <span class=\"tmm_lname\">Suarez<\/span><\/div><div class=\"tmm_job\">Instructor<\/div><div class=\"tmm_scblock\"><a target=\"_blank\" class=\"tmm_sociallink\" href=\"https:\/\/www.linkedin.com\/in\/hannah-suarez-709b48230\" title=\"\"><img decoding=\"async\" alt=\"\" src=\"https:\/\/madridforrefugees.org\/wp-content\/plugins\/team-members\/inc\/img\/links\/linkedin.png\"\/><\/a><\/div><\/div><\/div><div class=\"tmm_member\" style=\"border-top:#333333 solid 5px;\"><div class=\"tmm_photo tmm_pic_english_5\" style=\"background: url(https:\/\/madridforrefugees.org\/wp-content\/uploads\/2021\/03\/christinecarvalho.jpeg); margin-left: auto; margin-right:auto; background-size:cover !important;\"><\/div><div class=\"tmm_textblock\"><div class=\"tmm_names\"><span class=\"tmm_fname\">Christine<\/span> <span class=\"tmm_lname\">Carvalho<\/span><\/div><div class=\"tmm_job\">Instructor<\/div><div class=\"tmm_scblock\"><a target=\"_blank\" class=\"tmm_sociallink\" href=\"https:\/\/www.linkedin.com\/in\/christine-carvalho-8817b5a7\/\" title=\"\"><img decoding=\"async\" alt=\"\" src=\"https:\/\/madridforrefugees.org\/wp-content\/plugins\/team-members\/inc\/img\/links\/linkedin.png\"\/><\/a><\/div><\/div><\/div><span class=\"tmm_two_containers_tablet\"><\/span><div class=\"tmm_member\" style=\"border-top:#333333 solid 5px;\"><div class=\"tmm_photo tmm_pic_english_6\" style=\"background: url(https:\/\/madridforrefugees.org\/wp-content\/uploads\/2021\/03\/luisagraden.jpeg); margin-left: auto; margin-right:auto; background-size:cover !important;\"><\/div><div class=\"tmm_textblock\"><div class=\"tmm_names\"><span class=\"tmm_fname\">Luisa<\/span> <span class=\"tmm_lname\">Graden<\/span><\/div><div class=\"tmm_job\">Instructor<\/div><div class=\"tmm_scblock\"><a target=\"_blank\" class=\"tmm_sociallink\" href=\"https:\/\/www.linkedin.com\/in\/luisa-graden\/\" title=\"\"><img decoding=\"async\" alt=\"\" src=\"https:\/\/madridforrefugees.org\/wp-content\/plugins\/team-members\/inc\/img\/links\/linkedin.png\"\/><\/a><\/div><\/div><\/div><div style=\"clear:both;\"><\/div><\/div><\/div><\/div><\/p>\n<p><center><\/p>\n<h3>Curso de alfabetizaci\u00f3n inform\u00e1tica<\/h3>\n<p><\/center><br \/>\n<div class=\"tmm tmm_digital-literacy\"><div class=\"tmm_4_columns tmm_wrap tmm_plugin_f\"><span class=\"tmm_two_containers_tablet\"><\/span><div class=\"tmm_container\"><div class=\"tmm_member\" style=\"border-top:#333333 solid 5px;\"><div class=\"tmm_photo tmm_pic_digital-literacy_0\" style=\"background: url(https:\/\/madridforrefugees.org\/wp-content\/uploads\/2021\/03\/Hugo.jpeg); margin-left: auto; margin-right:auto; background-size:cover !important;\"><\/div><div class=\"tmm_textblock\"><div class=\"tmm_names\"><span class=\"tmm_fname\">Hugo<\/span> <span class=\"tmm_lname\">Jovel<\/span><\/div><div class=\"tmm_job\">Advisor<\/div><div class=\"tmm_scblock\"><a target=\"_blank\" class=\"tmm_sociallink\" href=\"https:\/\/www.linkedin.com\/in\/hejovel\" title=\"\"><img decoding=\"async\" alt=\"\" src=\"https:\/\/madridforrefugees.org\/wp-content\/plugins\/team-members\/inc\/img\/links\/linkedin.png\"\/><\/a><\/div><\/div><\/div><div class=\"tmm_member\" style=\"border-top:#333333 solid 5px;\"><div class=\"tmm_photo tmm_pic_digital-literacy_1\" style=\"background: url(https:\/\/madridforrefugees.org\/wp-content\/uploads\/2021\/03\/Katherine.jpeg); margin-left: auto; margin-right:auto; background-size:cover !important;\"><\/div><div class=\"tmm_textblock\"><div class=\"tmm_names\"><span class=\"tmm_fname\">Katherine<\/span> <span class=\"tmm_lname\">Smith<\/span><\/div><div class=\"tmm_job\">Digital Literacy Teacher<\/div><div class=\"tmm_scblock\"><a target=\"_blank\" class=\"tmm_sociallink\" href=\"https:\/\/www.linkedin.com\/in\/katherine-smith-1934349b\/\" title=\"\"><img decoding=\"async\" alt=\"\" src=\"https:\/\/madridforrefugees.org\/wp-content\/plugins\/team-members\/inc\/img\/links\/linkedin.png\"\/><\/a><\/div><\/div><\/div><span class=\"tmm_two_containers_tablet\"><\/span><div class=\"tmm_member\" style=\"border-top:#333333 solid 5px;\"><div class=\"tmm_photo tmm_pic_digital-literacy_2\" style=\"background: url(https:\/\/madridforrefugees.org\/wp-content\/uploads\/2021\/03\/Halan-Hawizy.jpeg); margin-left: auto; margin-right:auto; background-size:cover !important;\"><\/div><div class=\"tmm_textblock\"><div class=\"tmm_names\"><span class=\"tmm_fname\">Halan<\/span> <span class=\"tmm_lname\">Hawizy<\/span><\/div><div class=\"tmm_job\">Digital Literacy Teacher<\/div><div class=\"tmm_scblock\"><a target=\"_blank\" class=\"tmm_sociallink\" href=\"https:\/\/www.linkedin.com\/in\/halan-hawizy-08a0985a\/\" title=\"\"><img decoding=\"async\" alt=\"\" src=\"https:\/\/madridforrefugees.org\/wp-content\/plugins\/team-members\/inc\/img\/links\/linkedin.png\"\/><\/a><\/div><\/div><\/div><div style=\"clear:both;\"><\/div><\/div><\/div><\/div><\/p>\n<p><center><\/p>\n<h3>Empleo y apoyo laboral<\/h3>\n<p><\/center><br \/>\n<div class=\"tmm tmm_jobs\"><div class=\"tmm_4_columns tmm_wrap tmm_plugin_f\"><span class=\"tmm_two_containers_tablet\"><\/span><div class=\"tmm_container\"><div class=\"tmm_member\" style=\"border-top:#333333 solid 5px;\"><div class=\"tmm_photo tmm_pic_jobs_0\" style=\"background: url(https:\/\/madridforrefugees.org\/wp-content\/uploads\/2021\/03\/Martin-Bounds.jpeg); margin-left: auto; margin-right:auto; background-size:cover !important;\"><\/div><div class=\"tmm_textblock\"><div class=\"tmm_names\"><span class=\"tmm_fname\">Martin<\/span> <span class=\"tmm_lname\">Bounds<\/span><\/div><div class=\"tmm_job\">Employment Support Coordinator<\/div><div class=\"tmm_scblock\"><a target=\"_blank\" class=\"tmm_sociallink\" href=\"https:\/\/www.linkedin.com\/in\/martin-bounds-97978070\/\" title=\"\"><img decoding=\"async\" alt=\"\" src=\"https:\/\/madridforrefugees.org\/wp-content\/plugins\/team-members\/inc\/img\/links\/linkedin.png\"\/><\/a><\/div><\/div><\/div><div class=\"tmm_member\" style=\"border-top:#333333 solid 5px;\"><div class=\"tmm_photo tmm_pic_jobs_1\" style=\"background: url(https:\/\/madridforrefugees.org\/wp-content\/uploads\/2021\/03\/mar-scaled.jpg); margin-left: auto; margin-right:auto; background-size:cover !important;\"><\/div><div class=\"tmm_textblock\"><div class=\"tmm_names\"><span class=\"tmm_fname\">Mar<\/span> <span class=\"tmm_lname\">Garv\u00eda<\/span><\/div><div class=\"tmm_job\">Social worker &amp; employment workshop facilitator<\/div><div class=\"tmm_scblock\"><a target=\"_blank\" class=\"tmm_sociallink\" href=\"https:\/\/www.linkedin.com\/in\/mar-garvia-mingo-203244161\/\" title=\"\"><img decoding=\"async\" alt=\"\" src=\"https:\/\/madridforrefugees.org\/wp-content\/plugins\/team-members\/inc\/img\/links\/linkedin.png\"\/><\/a><\/div><\/div><\/div><span class=\"tmm_two_containers_tablet\"><\/span><div class=\"tmm_member\" style=\"border-top:#333333 solid 5px;\"><div class=\"tmm_photo tmm_pic_jobs_2\" style=\"background: url(https:\/\/madridforrefugees.org\/wp-content\/uploads\/2021\/03\/Chaimae-Boudadi-Ouazen.jpeg); margin-left: auto; margin-right:auto; background-size:cover !important;\"><\/div><div class=\"tmm_textblock\"><div class=\"tmm_names\"><span class=\"tmm_fname\">Chaimae <\/span> <span class=\"tmm_lname\">Boudadi Ouazen<\/span><\/div><div class=\"tmm_job\">HR guidance &amp; workshop facilitator<\/div><div class=\"tmm_scblock\"><a target=\"_blank\" class=\"tmm_sociallink\" href=\"https:\/\/www.linkedin.com\/in\/chaimaeboudadiouazen\/\" title=\"\"><img decoding=\"async\" alt=\"\" src=\"https:\/\/madridforrefugees.org\/wp-content\/plugins\/team-members\/inc\/img\/links\/linkedin.png\"\/><\/a><\/div><\/div><\/div><div class=\"tmm_member\" style=\"border-top:#333333 solid 5px;\"><div class=\"tmm_photo tmm_pic_jobs_3\" style=\"background: url(https:\/\/madridforrefugees.org\/wp-content\/uploads\/2021\/03\/Gema.jpeg); margin-left: auto; margin-right:auto; background-size:cover !important;\"><\/div><div class=\"tmm_textblock\"><div class=\"tmm_names\"><span class=\"tmm_fname\">Gema <\/span> <span class=\"tmm_lname\">Rosado Jordan<\/span><\/div><div class=\"tmm_job\">Social educator &amp; workshop facilitator<\/div><div class=\"tmm_scblock\"><a target=\"_blank\" class=\"tmm_sociallink\" href=\"http:\/\/www.linkedin.com\/in\/gema-rosado-jordan-a5b190174\" title=\"\"><img decoding=\"async\" alt=\"\" src=\"https:\/\/madridforrefugees.org\/wp-content\/plugins\/team-members\/inc\/img\/links\/linkedin.png\"\/><\/a><\/div><\/div><\/div><div style=\"clear:both;\"><\/div><\/div><\/div><\/div><\/p>\n<p><center><\/p>\n<h3>Refugees Code<\/h3>\n<p><\/center><br \/>\n<div class=\"tmm tmm_coding\"><div class=\"tmm_4_columns tmm_wrap tmm_plugin_f\"><span class=\"tmm_two_containers_tablet\"><\/span><div class=\"tmm_container\"><div class=\"tmm_member\" style=\"border-top:#333333 solid 5px;\"><div class=\"tmm_photo tmm_pic_coding_0\" style=\"background: url(https:\/\/madridforrefugees.org\/wp-content\/uploads\/2021\/03\/Andrea-Perez.jpeg); margin-left: auto; margin-right:auto; background-size:cover !important;\"><\/div><div class=\"tmm_textblock\"><div class=\"tmm_names\"><span class=\"tmm_fname\">Andrea<\/span> <span class=\"tmm_lname\">P\u00e9rez<\/span><\/div><div class=\"tmm_job\">Refugees Code Coordinator<\/div><div class=\"tmm_scblock\"><a target=\"_blank\" class=\"tmm_sociallink\" href=\"https:\/\/www.linkedin.com\/in\/andreaperez2\/\" title=\"\"><img decoding=\"async\" alt=\"\" src=\"https:\/\/madridforrefugees.org\/wp-content\/plugins\/team-members\/inc\/img\/links\/linkedin.png\"\/><\/a><\/div><\/div><\/div><div class=\"tmm_member\" style=\"border-top:#333333 solid 5px;\"><div class=\"tmm_photo tmm_pic_coding_1\" style=\"background: url(https:\/\/madridforrefugees.org\/wp-content\/uploads\/2021\/03\/Miguel.jpeg); margin-left: auto; margin-right:auto; background-size:cover !important;\"><\/div><div class=\"tmm_textblock\"><div class=\"tmm_names\"><span class=\"tmm_fname\">Miguel<\/span> <span class=\"tmm_lname\">Saenz<\/span><\/div><div class=\"tmm_job\">Refugees Code Coordinator<\/div><div class=\"tmm_scblock\"><a target=\"_blank\" class=\"tmm_sociallink\" href=\"https:\/\/www.linkedin.com\/in\/msaenzde11\/\" title=\"\"><img decoding=\"async\" alt=\"\" src=\"https:\/\/madridforrefugees.org\/wp-content\/plugins\/team-members\/inc\/img\/links\/linkedin.png\"\/><\/a><\/div><\/div><\/div><span class=\"tmm_two_containers_tablet\"><\/span><div class=\"tmm_member\" style=\"border-top:#333333 solid 5px;\"><div class=\"tmm_photo tmm_pic_coding_2\" style=\"background: url(https:\/\/madridforrefugees.org\/wp-content\/uploads\/2021\/03\/Xavi-Julia\u0301n.jpeg); margin-left: auto; margin-right:auto; background-size:cover !important;\"><\/div><div class=\"tmm_textblock\"><div class=\"tmm_names\"><span class=\"tmm_fname\">Xavi<\/span> <span class=\"tmm_lname\">Juli\u00e1n<\/span><\/div><div class=\"tmm_job\">Curriculum Manager<\/div><div class=\"tmm_scblock\"><a target=\"_blank\" class=\"tmm_sociallink\" href=\"https:\/\/www.linkedin.com\/in\/xaviju\/\" title=\"\"><img decoding=\"async\" alt=\"\" src=\"https:\/\/madridforrefugees.org\/wp-content\/plugins\/team-members\/inc\/img\/links\/linkedin.png\"\/><\/a><\/div><\/div><\/div><div class=\"tmm_member\" style=\"border-top:#333333 solid 5px;\"><div class=\"tmm_photo tmm_pic_coding_3\" style=\"background: url(https:\/\/madridforrefugees.org\/wp-content\/uploads\/2021\/03\/Ricardo.jpeg); margin-left: auto; margin-right:auto; background-size:cover !important;\"><\/div><div class=\"tmm_textblock\"><div class=\"tmm_names\"><span class=\"tmm_fname\">Ricardo<\/span> <span class=\"tmm_lname\">Boluda<\/span><\/div><div class=\"tmm_job\">Curriculum Manager<\/div><div class=\"tmm_scblock\"><a target=\"_blank\" class=\"tmm_sociallink\" href=\"https:\/\/www.linkedin.com\/in\/ricardoboluda\/\" title=\"\"><img decoding=\"async\" alt=\"\" src=\"https:\/\/madridforrefugees.org\/wp-content\/plugins\/team-members\/inc\/img\/links\/linkedin.png\"\/><\/a><\/div><\/div><\/div><span class=\"tmm_two_containers_tablet\"><\/span><\/div><span class=\"tmm_columns_containers_desktop\"><\/span><div class=\"tmm_container\"><div class=\"tmm_member\" style=\"border-top:#333333 solid 5px;\"><div class=\"tmm_photo tmm_pic_coding_4\" style=\"background: url(https:\/\/madridforrefugees.org\/wp-content\/uploads\/2021\/03\/Teresa.jpeg); margin-left: auto; margin-right:auto; background-size:cover !important;\"><\/div><div class=\"tmm_textblock\"><div class=\"tmm_names\"><span class=\"tmm_fname\">Teresa <\/span> <span class=\"tmm_lname\">Marb\u00e1n Castro<\/span><\/div><div class=\"tmm_job\">Teacher<\/div><div class=\"tmm_scblock\"><a target=\"_blank\" class=\"tmm_sociallink\" href=\"https:\/\/www.linkedin.com\/in\/teresa-marban-castro\/\" title=\"\"><img decoding=\"async\" alt=\"\" src=\"https:\/\/madridforrefugees.org\/wp-content\/plugins\/team-members\/inc\/img\/links\/linkedin.png\"\/><\/a><\/div><\/div><\/div><div class=\"tmm_member\" style=\"border-top:#333333 solid 5px;\"><div class=\"tmm_photo tmm_pic_coding_5\" style=\"background: url(https:\/\/madridforrefugees.org\/wp-content\/uploads\/2021\/03\/Alejandro-Reyes.jpeg); margin-left: auto; margin-right:auto; background-size:cover !important;\"><\/div><div class=\"tmm_textblock\"><div class=\"tmm_names\"><span class=\"tmm_fname\">Alejandro<\/span> <span class=\"tmm_lname\">Reyes<\/span><\/div><div class=\"tmm_job\">Teacher<\/div><div class=\"tmm_scblock\"><a target=\"_blank\" class=\"tmm_sociallink\" href=\"https:\/\/www.linkedin.com\/in\/alejandroreyesb\/\" title=\"\"><img decoding=\"async\" alt=\"\" src=\"https:\/\/madridforrefugees.org\/wp-content\/plugins\/team-members\/inc\/img\/links\/linkedin.png\"\/><\/a><\/div><\/div><\/div><span class=\"tmm_two_containers_tablet\"><\/span><div class=\"tmm_member\" style=\"border-top:#333333 solid 5px;\"><div class=\"tmm_photo tmm_pic_coding_6\" style=\"background: url(https:\/\/madridforrefugees.org\/wp-content\/uploads\/2021\/03\/Borja.jpeg); margin-left: auto; margin-right:auto; background-size:cover !important;\"><\/div><div class=\"tmm_textblock\"><div class=\"tmm_names\"><span class=\"tmm_fname\">Borja <\/span> <span class=\"tmm_lname\">Guzm\u00e1n del R\u00edo<\/span><\/div><div class=\"tmm_job\">Teacher<\/div><div class=\"tmm_scblock\"><a target=\"_blank\" class=\"tmm_sociallink\" href=\"http:\/\/www.linkedin.com\/in\/borja-guzman-del-rio\" title=\"\"><img decoding=\"async\" alt=\"\" src=\"https:\/\/madridforrefugees.org\/wp-content\/plugins\/team-members\/inc\/img\/links\/linkedin.png\"\/><\/a><\/div><\/div><\/div><div class=\"tmm_member\" style=\"border-top:#333333 solid 5px;\"><div class=\"tmm_photo tmm_pic_coding_7\" style=\"background: url(https:\/\/madridforrefugees.org\/wp-content\/uploads\/2021\/03\/Mayra.jpeg); margin-left: auto; margin-right:auto; background-size:cover !important;\"><\/div><div class=\"tmm_textblock\"><div class=\"tmm_names\"><span class=\"tmm_fname\">Mayra<\/span> <span class=\"tmm_lname\">Amador<\/span><\/div><div class=\"tmm_job\">Teacher<\/div><div class=\"tmm_scblock\"><a target=\"_blank\" class=\"tmm_sociallink\" href=\"https:\/\/www.linkedin.com\/in\/mayra-amador-zapata-\/?originalSubdomain=es\" title=\"\"><img decoding=\"async\" alt=\"\" src=\"https:\/\/madridforrefugees.org\/wp-content\/plugins\/team-members\/inc\/img\/links\/linkedin.png\"\/><\/a><\/div><\/div><\/div><span class=\"tmm_two_containers_tablet\"><\/span><\/div><span class=\"tmm_columns_containers_desktop\"><\/span><div class=\"tmm_container\"><div class=\"tmm_member\" style=\"border-top:#333333 solid 5px;\"><div class=\"tmm_photo tmm_pic_coding_8\" style=\"background: url(https:\/\/madridforrefugees.org\/wp-content\/uploads\/2021\/03\/Moriah.jpeg); margin-left: auto; margin-right:auto; background-size:cover !important;\"><\/div><div class=\"tmm_textblock\"><div class=\"tmm_names\"><span class=\"tmm_fname\">Moriah<\/span> <span class=\"tmm_lname\">Costa<\/span><\/div><div class=\"tmm_job\">Content Creator<\/div><div class=\"tmm_scblock\"><a target=\"_blank\" class=\"tmm_sociallink\" href=\"https:\/\/www.linkedin.com\/in\/moriah-costa\/\" title=\"\"><img decoding=\"async\" alt=\"\" src=\"https:\/\/madridforrefugees.org\/wp-content\/plugins\/team-members\/inc\/img\/links\/linkedin.png\"\/><\/a><\/div><\/div><\/div><div class=\"tmm_member\" style=\"border-top:#333333 solid 5px;\"><div class=\"tmm_photo tmm_pic_coding_9\" style=\"background: url(https:\/\/madridforrefugees.org\/wp-content\/uploads\/2021\/03\/marialuena.jpeg); margin-left: auto; margin-right:auto; background-size:cover !important;\"><\/div><div class=\"tmm_textblock\"><div class=\"tmm_names\"><span class=\"tmm_fname\">Maria<\/span> <span class=\"tmm_lname\">Luena<\/span><\/div><div class=\"tmm_job\">Teacher<\/div><div class=\"tmm_scblock\"><a target=\"_blank\" class=\"tmm_sociallink\" href=\"https:\/\/www.linkedin.com\/in\/maraluena\" title=\"\"><img decoding=\"async\" alt=\"\" src=\"https:\/\/madridforrefugees.org\/wp-content\/plugins\/team-members\/inc\/img\/links\/linkedin.png\"\/><\/a><\/div><\/div><\/div><span class=\"tmm_two_containers_tablet\"><\/span><div class=\"tmm_member\" style=\"border-top:#333333 solid 5px;\"><div class=\"tmm_photo tmm_pic_coding_10\" style=\"background: url(https:\/\/madridforrefugees.org\/wp-content\/uploads\/2021\/03\/Jaime.jpeg); margin-left: auto; margin-right:auto; background-size:cover !important;\"><\/div><div class=\"tmm_textblock\"><div class=\"tmm_names\"><span class=\"tmm_fname\">Jaime<\/span> <span class=\"tmm_lname\">Vega<\/span><\/div><div class=\"tmm_job\">Mentor<\/div><div class=\"tmm_scblock\"><a target=\"_blank\" class=\"tmm_sociallink\" href=\"https:\/\/www.linkedin.com\/in\/jaimevegadolado\/\" title=\"\"><img decoding=\"async\" alt=\"\" src=\"https:\/\/madridforrefugees.org\/wp-content\/plugins\/team-members\/inc\/img\/links\/linkedin.png\"\/><\/a><\/div><\/div><\/div><div class=\"tmm_member\" style=\"border-top:#333333 solid 5px;\"><div class=\"tmm_photo tmm_pic_coding_11\" style=\"background: url(https:\/\/madridforrefugees.org\/wp-content\/uploads\/2021\/03\/Marco.jpeg); margin-left: auto; margin-right:auto; background-size:cover !important;\"><\/div><div class=\"tmm_textblock\"><div class=\"tmm_names\"><span class=\"tmm_fname\">Marco<\/span> <span class=\"tmm_lname\">Signorello<\/span><\/div><div class=\"tmm_job\">Mentor<\/div><div class=\"tmm_scblock\"><a target=\"_blank\" class=\"tmm_sociallink\" href=\"https:\/\/www.linkedin.com\/in\/marco-signorello\/\" title=\"\"><img decoding=\"async\" alt=\"\" src=\"https:\/\/madridforrefugees.org\/wp-content\/plugins\/team-members\/inc\/img\/links\/linkedin.png\"\/><\/a><\/div><\/div><\/div><span class=\"tmm_two_containers_tablet\"><\/span><\/div><span class=\"tmm_columns_containers_desktop\"><\/span><div class=\"tmm_container\"><div class=\"tmm_member\" style=\"border-top:#333333 solid 5px;\"><div class=\"tmm_photo tmm_pic_coding_12\" style=\"background: url(https:\/\/madridforrefugees.org\/wp-content\/uploads\/2021\/03\/Pablo-Pareja.jpeg); margin-left: auto; margin-right:auto; background-size:cover !important;\"><\/div><div class=\"tmm_textblock\"><div class=\"tmm_names\"><span class=\"tmm_fname\">Pablo<\/span> <span class=\"tmm_lname\">Pareja Tobes<\/span><\/div><div class=\"tmm_job\">Mentor<\/div><div class=\"tmm_scblock\"><a target=\"_blank\" class=\"tmm_sociallink\" href=\"https:\/\/www.linkedin.com\/in\/pabloparejatobes\/\" title=\"\"><img decoding=\"async\" alt=\"\" src=\"https:\/\/madridforrefugees.org\/wp-content\/plugins\/team-members\/inc\/img\/links\/linkedin.png\"\/><\/a><\/div><\/div><\/div><div class=\"tmm_member\" style=\"border-top:#333333 solid 5px;\"><div class=\"tmm_photo tmm_pic_coding_13\" style=\"background: url(https:\/\/madridforrefugees.org\/wp-content\/uploads\/2021\/03\/martinpose.jpeg); margin-left: auto; margin-right:auto; background-size:cover !important;\"><\/div><div class=\"tmm_textblock\"><div class=\"tmm_names\"><span class=\"tmm_fname\">Martin<\/span> <span class=\"tmm_lname\">Pose<\/span><\/div><div class=\"tmm_job\">EU Projects Manager<\/div><div class=\"tmm_scblock\"><a target=\"_blank\" class=\"tmm_sociallink\" href=\"https:\/\/www.linkedin.com\/in\/martinpose\/\" title=\"\"><img decoding=\"async\" alt=\"\" src=\"https:\/\/madridforrefugees.org\/wp-content\/plugins\/team-members\/inc\/img\/links\/linkedin.png\"\/><\/a><\/div><\/div><\/div><span class=\"tmm_two_containers_tablet\"><\/span><div class=\"tmm_member\" style=\"border-top:#333333 solid 5px;\"><div class=\"tmm_photo tmm_pic_coding_14\" style=\"background: url(https:\/\/madridforrefugees.org\/wp-content\/uploads\/2021\/03\/carment.jpeg); margin-left: auto; margin-right:auto; background-size:cover !important;\"><\/div><div class=\"tmm_textblock\"><div class=\"tmm_names\"><span class=\"tmm_fname\">Carmen<\/span> <span class=\"tmm_lname\">Torrecillas<\/span><\/div><div class=\"tmm_job\">Teacher<\/div><div class=\"tmm_scblock\"><a target=\"_blank\" class=\"tmm_sociallink\" href=\"https:\/\/www.linkedin.com\/in\/carmen-torrecillas\/\" title=\"\"><img decoding=\"async\" alt=\"\" src=\"https:\/\/madridforrefugees.org\/wp-content\/plugins\/team-members\/inc\/img\/links\/linkedin.png\"\/><\/a><\/div><\/div><\/div><div class=\"tmm_member\" style=\"border-top:#333333 solid 5px;\"><div class=\"tmm_textblock\"><div class=\"tmm_names\"><span class=\"tmm_fname\">Sergio<\/span> <span class=\"tmm_lname\">Arbeo<\/span><\/div><div class=\"tmm_job\">Mentor<\/div><div class=\"tmm_scblock\"><a target=\"_blank\" class=\"tmm_sociallink\" href=\"https:\/\/www.linkedin.com\/in\/sergioarbeo\/\" title=\"\"><img decoding=\"async\" alt=\"\" src=\"https:\/\/madridforrefugees.org\/wp-content\/plugins\/team-members\/inc\/img\/links\/linkedin.png\"\/><\/a><\/div><\/div><\/div><span class=\"tmm_two_containers_tablet\"><\/span><\/div><span class=\"tmm_columns_containers_desktop\"><\/span><div class=\"tmm_container\"><div class=\"tmm_member\" style=\"border-top:#333333 solid 5px;\"><div class=\"tmm_photo tmm_pic_coding_16\" style=\"background: url(https:\/\/madridforrefugees.org\/wp-content\/uploads\/2021\/03\/rajenkothari.jpeg); margin-left: auto; margin-right:auto; background-size:cover !important;\"><\/div><div class=\"tmm_textblock\"><div class=\"tmm_names\"><span class=\"tmm_fname\">Rajen<\/span> <span class=\"tmm_lname\">Kothari<\/span><\/div><div class=\"tmm_job\">Communications<\/div><div class=\"tmm_scblock\"><a target=\"_blank\" class=\"tmm_sociallink\" href=\"https:\/\/www.linkedin.com\/in\/rajenkothari\/\" title=\"\"><img decoding=\"async\" alt=\"\" src=\"https:\/\/madridforrefugees.org\/wp-content\/plugins\/team-members\/inc\/img\/links\/linkedin.png\"\/><\/a><\/div><\/div><\/div><div class=\"tmm_member\" style=\"border-top:#333333 solid 5px;\"><div class=\"tmm_photo tmm_pic_coding_17\" style=\"background: url(https:\/\/madridforrefugees.org\/wp-content\/uploads\/2021\/03\/brayonibaraza.jpeg); margin-left: auto; margin-right:auto; background-size:cover !important;\"><\/div><div class=\"tmm_textblock\"><div class=\"tmm_names\"><span class=\"tmm_fname\">Brayoni<\/span> <span class=\"tmm_lname\">Baraza<\/span><\/div><div class=\"tmm_job\">Mentor<\/div><div class=\"tmm_scblock\"><a target=\"_blank\" class=\"tmm_sociallink\" href=\"https:\/\/www.linkedin.com\/in\/brayoni\/\" title=\"\"><img decoding=\"async\" alt=\"\" src=\"https:\/\/madridforrefugees.org\/wp-content\/plugins\/team-members\/inc\/img\/links\/linkedin.png\"\/><\/a><\/div><\/div><\/div><span class=\"tmm_two_containers_tablet\"><\/span><div class=\"tmm_member\" style=\"border-top:#333333 solid 5px;\"><a target=\"_blank\" href=\"https:\/\/danielddungu.com\/\" title=\"Daniel  Ddungu\"><div class=\"tmm_photo tmm_pic_coding_18\" style=\"background: url(https:\/\/madridforrefugees.org\/wp-content\/uploads\/2021\/03\/Daniel-Ddungu.jpg); margin-left: auto; margin-right:auto; background-size:cover !important;\"><\/div><\/a><div class=\"tmm_textblock\"><div class=\"tmm_names\"><span class=\"tmm_fname\">Daniel <\/span> <span class=\"tmm_lname\">Ddungu<\/span><\/div><div class=\"tmm_job\">Wordpress Tech Admin<\/div><div class=\"tmm_scblock\"><a target=\"_blank\" class=\"tmm_sociallink\" href=\"https:\/\/www.linkedin.com\/in\/danielddungu\/\" title=\"\"><img decoding=\"async\" alt=\"\" src=\"https:\/\/madridforrefugees.org\/wp-content\/plugins\/team-members\/inc\/img\/links\/linkedin.png\"\/><\/a><\/div><\/div><\/div><div style=\"clear:both;\"><\/div><\/div><\/div><\/div><\/p>\n","protected":false},"excerpt":{"rendered":"<p>Junta Outreach y eventos Donaciones RefuTeach: Lengua inglesa y ling\u00fc\u00edstica aplicada Curso de alfabetizaci\u00f3n inform\u00e1tica Empleo y apoyo laboral Refugees Code<\/p>\n","protected":false},"author":5,"featured_media":0,"parent":996,"menu_order":0,"comment_status":"closed","ping_status":"closed","template":"","meta":{"_monsterinsights_skip_tracking":false,"_monsterinsights_sitenote_active":false,"_monsterinsights_sitenote_note":"","_monsterinsights_sitenote_category":0,"footnotes":""},"class_list":["post-2880","page","type-page","status-publish","hentry"],"yoast_head":"<!-- This site is optimized with the Yoast SEO plugin v25.2 - https:\/\/yoast.com\/wordpress\/plugins\/seo\/ -->\n<title>Nuestro equipo - Madrid For Refugees<\/title>\n<meta name=\"robots\" content=\"index, follow, max-snippet:-1, max-image-preview:large, max-video-preview:-1\" \/>\n<link rel=\"canonical\" href=\"https:\/\/madridforrefugees.org\/es\/la-organizacion\/equipo\/\" \/>\n<meta property=\"og:locale\" content=\"es_ES\" \/>\n<meta property=\"og:type\" content=\"article\" \/>\n<meta property=\"og:title\" content=\"Nuestro equipo - Madrid For Refugees\" \/>\n<meta property=\"og:description\" content=\"Junta Outreach y eventos Donaciones RefuTeach: Lengua inglesa y ling\u00fc\u00edstica aplicada Curso de alfabetizaci\u00f3n inform\u00e1tica Empleo y apoyo laboral Refugees Code\" \/>\n<meta property=\"og:url\" content=\"https:\/\/madridforrefugees.org\/es\/la-organizacion\/equipo\/\" \/>\n<meta property=\"og:site_name\" content=\"Madrid For Refugees\" \/>\n<meta property=\"article:publisher\" content=\"https:\/\/www.facebook.com\/Madrid4Refugees\/\" \/>\n<meta property=\"article:modified_time\" content=\"2022-03-02T11:27:40+00:00\" \/>\n<meta name=\"twitter:card\" content=\"summary_large_image\" \/>\n<meta name=\"twitter:site\" content=\"@Madrid4Refugees\" \/>\n<script type=\"application\/ld+json\" class=\"yoast-schema-graph\">{\"@context\":\"https:\/\/schema.org\",\"@graph\":[{\"@type\":\"WebPage\",\"@id\":\"https:\/\/madridforrefugees.org\/es\/la-organizacion\/equipo\/\",\"url\":\"https:\/\/madridforrefugees.org\/es\/la-organizacion\/equipo\/\",\"name\":\"Nuestro equipo - Madrid For Refugees\",\"isPartOf\":{\"@id\":\"https:\/\/madridforrefugees.org\/es\/home-2\/#website\"},\"datePublished\":\"2021-03-29T15:59:50+00:00\",\"dateModified\":\"2022-03-02T11:27:40+00:00\",\"breadcrumb\":{\"@id\":\"https:\/\/madridforrefugees.org\/es\/la-organizacion\/equipo\/#breadcrumb\"},\"inLanguage\":\"es\",\"potentialAction\":[{\"@type\":\"ReadAction\",\"target\":[\"https:\/\/madridforrefugees.org\/es\/la-organizacion\/equipo\/\"]}]},{\"@type\":\"BreadcrumbList\",\"@id\":\"https:\/\/madridforrefugees.org\/es\/la-organizacion\/equipo\/#breadcrumb\",\"itemListElement\":[{\"@type\":\"ListItem\",\"position\":1,\"name\":\"Home\",\"item\":\"https:\/\/madridforrefugees.org\/es\/\"},{\"@type\":\"ListItem\",\"position\":2,\"name\":\"Sobre Madrid For Refugees\",\"item\":\"https:\/\/madridforrefugees.org\/es\/la-organizacion\/\"},{\"@type\":\"ListItem\",\"position\":3,\"name\":\"Nuestro equipo\"}]},{\"@type\":\"WebSite\",\"@id\":\"https:\/\/madridforrefugees.org\/es\/home-2\/#website\",\"url\":\"https:\/\/madridforrefugees.org\/es\/home-2\/\",\"name\":\"MadridForRefugees\",\"description\":\"Helping Refugees in Madrid and Abroad\",\"publisher\":{\"@id\":\"https:\/\/madridforrefugees.org\/es\/home-2\/#organization\"},\"potentialAction\":[{\"@type\":\"SearchAction\",\"target\":{\"@type\":\"EntryPoint\",\"urlTemplate\":\"https:\/\/madridforrefugees.org\/es\/home-2\/?s={search_term_string}\"},\"query-input\":{\"@type\":\"PropertyValueSpecification\",\"valueRequired\":true,\"valueName\":\"search_term_string\"}}],\"inLanguage\":\"es\"},{\"@type\":\"Organization\",\"@id\":\"https:\/\/madridforrefugees.org\/es\/home-2\/#organization\",\"name\":\"Madrid for Refugees\",\"url\":\"https:\/\/madridforrefugees.org\/es\/home-2\/\",\"logo\":{\"@type\":\"ImageObject\",\"inLanguage\":\"es\",\"@id\":\"https:\/\/madridforrefugees.org\/es\/home-2\/#\/schema\/logo\/image\/\",\"url\":\"https:\/\/madridforrefugees.org\/wp-content\/uploads\/2021\/11\/MFR-Logo-Initials-Words.png\",\"contentUrl\":\"https:\/\/madridforrefugees.org\/wp-content\/uploads\/2021\/11\/MFR-Logo-Initials-Words.png\",\"width\":233,\"height\":83,\"caption\":\"Madrid for Refugees\"},\"image\":{\"@id\":\"https:\/\/madridforrefugees.org\/es\/home-2\/#\/schema\/logo\/image\/\"},\"sameAs\":[\"https:\/\/www.facebook.com\/Madrid4Refugees\/\",\"https:\/\/x.com\/Madrid4Refugees\",\"https:\/\/www.instagram.com\/weloverefugees\/\",\"https:\/\/www.linkedin.com\/company\/madrid-for-refugees\",\"https:\/\/www.pinterest.com\/weloverefugees\/\"]}]}<\/script>\n<!-- \/ Yoast SEO plugin. -->","yoast_head_json":{"title":"Nuestro equipo - Madrid For Refugees","robots":{"index":"index","follow":"follow","max-snippet":"max-snippet:-1","max-image-preview":"max-image-preview:large","max-video-preview":"max-video-preview:-1"},"canonical":"https:\/\/madridforrefugees.org\/es\/la-organizacion\/equipo\/","og_locale":"es_ES","og_type":"article","og_title":"Nuestro equipo - Madrid For Refugees","og_description":"Junta Outreach y eventos Donaciones RefuTeach: Lengua inglesa y ling\u00fc\u00edstica aplicada Curso de alfabetizaci\u00f3n inform\u00e1tica Empleo y apoyo laboral Refugees Code","og_url":"https:\/\/madridforrefugees.org\/es\/la-organizacion\/equipo\/","og_site_name":"Madrid For Refugees","article_publisher":"https:\/\/www.facebook.com\/Madrid4Refugees\/","article_modified_time":"2022-03-02T11:27:40+00:00","twitter_card":"summary_large_image","twitter_site":"@Madrid4Refugees","schema":{"@context":"https:\/\/schema.org","@graph":[{"@type":"WebPage","@id":"https:\/\/madridforrefugees.org\/es\/la-organizacion\/equipo\/","url":"https:\/\/madridforrefugees.org\/es\/la-organizacion\/equipo\/","name":"Nuestro equipo - Madrid For Refugees","isPartOf":{"@id":"https:\/\/madridforrefugees.org\/es\/home-2\/#website"},"datePublished":"2021-03-29T15:59:50+00:00","dateModified":"2022-03-02T11:27:40+00:00","breadcrumb":{"@id":"https:\/\/madridforrefugees.org\/es\/la-organizacion\/equipo\/#breadcrumb"},"inLanguage":"es","potentialAction":[{"@type":"ReadAction","target":["https:\/\/madridforrefugees.org\/es\/la-organizacion\/equipo\/"]}]},{"@type":"BreadcrumbList","@id":"https:\/\/madridforrefugees.org\/es\/la-organizacion\/equipo\/#breadcrumb","itemListElement":[{"@type":"ListItem","position":1,"name":"Home","item":"https:\/\/madridforrefugees.org\/es\/"},{"@type":"ListItem","position":2,"name":"Sobre Madrid For Refugees","item":"https:\/\/madridforrefugees.org\/es\/la-organizacion\/"},{"@type":"ListItem","position":3,"name":"Nuestro equipo"}]},{"@type":"WebSite","@id":"https:\/\/madridforrefugees.org\/es\/home-2\/#website","url":"https:\/\/madridforrefugees.org\/es\/home-2\/","name":"MadridForRefugees","description":"Helping Refugees in Madrid and Abroad","publisher":{"@id":"https:\/\/madridforrefugees.org\/es\/home-2\/#organization"},"potentialAction":[{"@type":"SearchAction","target":{"@type":"EntryPoint","urlTemplate":"https:\/\/madridforrefugees.org\/es\/home-2\/?s={search_term_string}"},"query-input":{"@type":"PropertyValueSpecification","valueRequired":true,"valueName":"search_term_string"}}],"inLanguage":"es"},{"@type":"Organization","@id":"https:\/\/madridforrefugees.org\/es\/home-2\/#organization","name":"Madrid for Refugees","url":"https:\/\/madridforrefugees.org\/es\/home-2\/","logo":{"@type":"ImageObject","inLanguage":"es","@id":"https:\/\/madridforrefugees.org\/es\/home-2\/#\/schema\/logo\/image\/","url":"https:\/\/madridforrefugees.org\/wp-content\/uploads\/2021\/11\/MFR-Logo-Initials-Words.png","contentUrl":"https:\/\/madridforrefugees.org\/wp-content\/uploads\/2021\/11\/MFR-Logo-Initials-Words.png","width":233,"height":83,"caption":"Madrid for Refugees"},"image":{"@id":"https:\/\/madridforrefugees.org\/es\/home-2\/#\/schema\/logo\/image\/"},"sameAs":["https:\/\/www.facebook.com\/Madrid4Refugees\/","https:\/\/x.com\/Madrid4Refugees","https:\/\/www.instagram.com\/weloverefugees\/","https:\/\/www.linkedin.com\/company\/madrid-for-refugees","https:\/\/www.pinterest.com\/weloverefugees\/"]}]}},"jetpack_likes_enabled":true,"jetpack_sharing_enabled":true,"_links":{"self":[{"href":"https:\/\/madridforrefugees.org\/es\/wp-json\/wp\/v2\/pages\/2880","targetHints":{"allow":["GET"]}}],"collection":[{"href":"https:\/\/madridforrefugees.org\/es\/wp-json\/wp\/v2\/pages"}],"about":[{"href":"https:\/\/madridforrefugees.org\/es\/wp-json\/wp\/v2\/types\/page"}],"author":[{"embeddable":true,"href":"https:\/\/madridforrefugees.org\/es\/wp-json\/wp\/v2\/users\/5"}],"replies":[{"embeddable":true,"href":"https:\/\/madridforrefugees.org\/es\/wp-json\/wp\/v2\/comments?post=2880"}],"version-history":[{"count":2,"href":"https:\/\/madridforrefugees.org\/es\/wp-json\/wp\/v2\/pages\/2880\/revisions"}],"predecessor-version":[{"id":3399,"href":"https:\/\/madridforrefugees.org\/es\/wp-json\/wp\/v2\/pages\/2880\/revisions\/3399"}],"up":[{"embeddable":true,"href":"https:\/\/madridforrefugees.org\/es\/wp-json\/wp\/v2\/pages\/996"}],"wp:attachment":[{"href":"https:\/\/madridforrefugees.org\/es\/wp-json\/wp\/v2\/media?parent=2880"}],"curies":[{"name":"wp","href":"https:\/\/api.w.org\/{rel}","templated":true}]}}