{"id":3034,"date":"2021-05-02T19:00:18","date_gmt":"2021-05-02T17:00:18","guid":{"rendered":"https:\/\/madridforrefugees.org\/?page_id=3034"},"modified":"2021-05-18T15:30:39","modified_gmt":"2021-05-18T13:30:39","slug":"rsc","status":"publish","type":"page","link":"https:\/\/madridforrefugees.org\/es\/rsc\/","title":{"rendered":"Oportunidades de Responsabilidad Social Corporativa (RSC)"},"content":{"rendered":"<p><span style=\"font-weight: 400;\">El 71 % de los clientes dicen que perder\u00edan la confianza en una marca que antepone los beneficios a las personas, especialmente durante la crisis de la COVID-19. Este es solo uno de los motivos por los que las iniciativas de Responsabilidad Social Corporativa (RSC) son cada vez m\u00e1s importantes en el panorama actual. Se ha demostrado que la participaci\u00f3n de una empresa en la comunidad fomenta el crecimiento organizacional positivo, una mayor confianza en la comunidad y el apoyo de los empleados a la misi\u00f3n organizacional.\u00a0<\/span><\/p>\n<p><span style=\"font-weight: 400;\"><strong>Ser una empresa socialmente responsable e invertir en la integraci\u00f3n y el empoderamiento de la comunidad local de personas refugiadas y migrantes puede reforzar la imagen de su empresa y construir su marca.<\/strong> Esto puede mejorar la lealtad del cliente, aumentar el compromiso y la satisfacci\u00f3n de los empleados e incluso atraer talento y recursos. <\/span><\/p>\n<h2><b>\u00bfPor qu\u00e9 Madrid For Refugees (MFR)?<\/b><\/h2>\n<figure id=\"attachment_2601\" aria-describedby=\"caption-attachment-2601\" style=\"width: 285px\" class=\"wp-caption alignright\"><a href=\"https:\/\/madridforrefugees.org\/en\/2020\/12\/01\/mfr-partnership-veracontent\/\"><img loading=\"lazy\" decoding=\"async\" class=\"size-medium wp-image-2601\" src=\"https:\/\/madridforrefugees.org\/wp-content\/uploads\/2020\/12\/mfrvera1-285x300.jpg\" alt=\"\" width=\"285\" height=\"300\" srcset=\"https:\/\/madridforrefugees.org\/wp-content\/uploads\/2020\/12\/mfrvera1-285x300.jpg 285w, https:\/\/madridforrefugees.org\/wp-content\/uploads\/2020\/12\/mfrvera1-974x1024.jpg 974w, https:\/\/madridforrefugees.org\/wp-content\/uploads\/2020\/12\/mfrvera1-768x808.jpg 768w, https:\/\/madridforrefugees.org\/wp-content\/uploads\/2020\/12\/mfrvera1-1460x1536.jpg 1460w, https:\/\/madridforrefugees.org\/wp-content\/uploads\/2020\/12\/mfrvera1-1947x2048.jpg 1947w, https:\/\/madridforrefugees.org\/wp-content\/uploads\/2020\/12\/mfrvera1-190x200.jpg 190w\" sizes=\"auto, (max-width: 285px) 100vw, 285px\" \/><\/a><figcaption id=\"caption-attachment-2601\" class=\"wp-caption-text\">MFR colabora con VeraContent<\/figcaption><\/figure>\n<p><span style=\"font-weight: 400;\">Fundada en 2015, Madrid For Refugees (MFR) es una organizaci\u00f3n sin fines de lucro dirigida por voluntarios dedicada a ayudar y empoderar a las personas de la comunidad local que son: personas que se encuentran en situaci\u00f3n de refugiado, as\u00ed como solicitantes de asilo, ap\u00e1tridas y migrantes necesitados de protecci\u00f3n internacional o en riesgo de exclusi\u00f3n social.<\/span><\/p>\n<p><span style=\"font-weight: 400;\"><strong>Durante los a\u00f1os, MFR ha apoyado directamente a m\u00e1s de 2800 personas refugiadas, 440 personas refugiadas han completado cursos de formaci\u00f3n y m\u00e1s de 230 voluntarios han apoyado el trabajo de MFR.<\/strong> MFR se centra en mejorar la integraci\u00f3n social y la empleabilidad a trav\u00e9s de clases, talleres y formaci\u00f3n para refugiados (en alfabetizaci\u00f3n digital, idiomas, codificaci\u00f3n y b\u00fasqueda de empleo, entre otros), donaciones de art\u00edculos esenciales, iniciativas de concienciaci\u00f3n, intervenci\u00f3n social y una red de apoyo para las personas refugiadas.<br \/>\n<\/span><\/p>\n<p><span style=\"font-weight: 400;\">MFR ha forjado una excelente trayectoria con 6 a\u00f1os como una organizaci\u00f3n voluntaria sin \u00e1nimo de lucro muy respetada, llegando a una comunidad internacional socialmente consciente con una fuerte presencia en la comunidad de habla inglesa. Su organizaci\u00f3n podr\u00eda formar parte de nuestra creciente red de organizaciones asociadas.<\/span><\/p>\n<p><span style=\"font-weight: 400;\">El bolet\u00edn de MFR tiene 2000 suscriptores y cuentas de redes sociales con m\u00e1s de 7000 seguidores y siguen en aumento. La audiencia de MFR llega mucho m\u00e1s all\u00e1 de Madrid; los 5 pa\u00edses principales de nuestra audiencia son Espa\u00f1a, EE. UU., Reino Unido, Francia y Alemania. MFR lidera los resultados de b\u00fasqueda de SEO para: \u00abMadrid refugees\u00bb, \u00abMadrid migrants\u00bb y \u00abasylum seekers Madrid\u00bb.<br \/>\n<\/span><\/p>\n<p><span style=\"font-weight: 400;\">MFR tambi\u00e9n cuenta con una base de datos de personas refugiadas y migrantes calificados que buscan empleo, lo que podr\u00eda proporcionar una atractiva l\u00ednea de talentos para su empresa, al tiempo que apoya las iniciativas de diversidad e inclusi\u00f3n de su empresa. <\/span><\/p>\n<h2><b>Programas MFR para asociaciones de RSC<\/b><\/h2>\n<p><span style=\"font-weight: 400;\"><strong><img loading=\"lazy\" decoding=\"async\" class=\"alignright size-medium wp-image-3088\" src=\"https:\/\/madridforrefugees.org\/wp-content\/uploads\/2021\/05\/Taller_de_empleo-4-1-300x200.jpg\" alt=\"\" width=\"300\" height=\"200\" srcset=\"https:\/\/madridforrefugees.org\/wp-content\/uploads\/2021\/05\/Taller_de_empleo-4-1-300x200.jpg 300w, https:\/\/madridforrefugees.org\/wp-content\/uploads\/2021\/05\/Taller_de_empleo-4-1-1024x683.jpg 1024w, https:\/\/madridforrefugees.org\/wp-content\/uploads\/2021\/05\/Taller_de_empleo-4-1-768x512.jpg 768w, https:\/\/madridforrefugees.org\/wp-content\/uploads\/2021\/05\/Taller_de_empleo-4-1-1536x1024.jpg 1536w, https:\/\/madridforrefugees.org\/wp-content\/uploads\/2021\/05\/Taller_de_empleo-4-1-2048x1365.jpg 2048w\" sizes=\"auto, (max-width: 300px) 100vw, 300px\" \/>MFR ofrece cursos de formaci\u00f3n y educaci\u00f3n para fomentar la integraci\u00f3n y la empleabilidad<\/strong>. Estos cursos, que se ofrecen de forma gratuita a personas refugiadas y migrantes, son impartidos por profesores voluntarios profesionales en peque\u00f1os grupos de hasta seis estudiantes. Actualmente, MFR ofrece cursos de <\/span><a href=\"https:\/\/madridforrefugees.org\/en\/the-organisation\/english-course\/\"><span style=\"font-weight: 400;\">ingl\u00e9s para el empleo<\/span><\/a><span style=\"font-weight: 400;\">, <\/span><a href=\"https:\/\/madridforrefugees.org\/en\/digital-literacy\/\"><span style=\"font-weight: 400;\">alfabetizaci\u00f3n digital<\/span><\/a><span style=\"font-weight: 400;\"> y <\/span><a href=\"https:\/\/madridforrefugees.org\/en\/the-organisation\/mfr-coding\/\"><span style=\"font-weight: 400;\">codificaci\u00f3n<\/span><\/a><span style=\"font-weight: 400;\">, as\u00ed como <\/span><a href=\"https:\/\/madridforrefugees.org\/en\/the-organisation\/jobs\/\"><span style=\"font-weight: 400;\">talleres de empleo y b\u00fasqueda de empleo<\/span><\/a><span style=\"font-weight: 400;\">. Los estudiantes son nominados por organizaciones colaboradores.\u00a0<\/span><\/p>\n<p><span style=\"font-weight: 400;\"><strong>MFR tambi\u00e9n organiza la recolecci\u00f3n y entrega de art\u00edculos esenciales donados<\/strong> en colaboraci\u00f3n con familias de personas refugiadas, centros de acogida de personas refugiadas en Madrid y ONG reconocidas internacionalmente.<br \/>\n<\/span><\/p>\n<h2>Objetivos de desarrollo sostenible<\/h2>\n<p><span style=\"font-weight: 400;\">Los Objetivos de Desarrollo Sostenible proporcionan un plan compartido para la paz y la prosperidad para las personas y el planeta, ahora y en el futuro. Los Objetivos son un llamado urgente a la acci\u00f3n de todos los pa\u00edses, desarrollados y en desarrollo, en una alianza mundial. \u00a1La colaboraci\u00f3n entre el sector privado y la sociedad civil juega un papel clave en el logro de los ODS!<\/span><\/p>\n<p><span style=\"font-weight: 400;\">El trabajo de MFR contribuye a los siguientes Objetivos de Desarrollo Sostenible:<\/span><\/p>\n<p><a href=\"https:\/\/www.un.org\/sustainabledevelopment\/es\/poverty\" target=\"_blank\" rel=\"noopener noreferrer\"><img loading=\"lazy\" decoding=\"async\" class=\"alignnone wp-image-3038\" src=\"https:\/\/madridforrefugees.org\/wp-content\/uploads\/2021\/05\/S-WEB-Goal-01-150x150.png\" alt=\"\" width=\"100\" height=\"100\" srcset=\"https:\/\/madridforrefugees.org\/wp-content\/uploads\/2021\/05\/S-WEB-Goal-01-150x150.png 150w, https:\/\/madridforrefugees.org\/wp-content\/uploads\/2021\/05\/S-WEB-Goal-01-300x300.png 300w, https:\/\/madridforrefugees.org\/wp-content\/uploads\/2021\/05\/S-WEB-Goal-01-1024x1024.png 1024w, https:\/\/madridforrefugees.org\/wp-content\/uploads\/2021\/05\/S-WEB-Goal-01-768x768.png 768w, https:\/\/madridforrefugees.org\/wp-content\/uploads\/2021\/05\/S-WEB-Goal-01-200x200.png 200w, https:\/\/madridforrefugees.org\/wp-content\/uploads\/2021\/05\/S-WEB-Goal-01.png 1500w\" sizes=\"auto, (max-width: 100px) 100vw, 100px\" \/><\/a> <a href=\"https:\/\/www.un.org\/sustainabledevelopment\/es\/hunger\/\" target=\"_blank\" rel=\"noopener noreferrer\"><img loading=\"lazy\" decoding=\"async\" class=\"alignnone wp-image-3039\" src=\"https:\/\/madridforrefugees.org\/wp-content\/uploads\/2021\/05\/S-WEB-Goal-02-150x150.png\" alt=\"\" width=\"100\" height=\"100\" srcset=\"https:\/\/madridforrefugees.org\/wp-content\/uploads\/2021\/05\/S-WEB-Goal-02-150x150.png 150w, https:\/\/madridforrefugees.org\/wp-content\/uploads\/2021\/05\/S-WEB-Goal-02-300x300.png 300w, https:\/\/madridforrefugees.org\/wp-content\/uploads\/2021\/05\/S-WEB-Goal-02-1024x1024.png 1024w, https:\/\/madridforrefugees.org\/wp-content\/uploads\/2021\/05\/S-WEB-Goal-02-768x768.png 768w, https:\/\/madridforrefugees.org\/wp-content\/uploads\/2021\/05\/S-WEB-Goal-02-200x200.png 200w, https:\/\/madridforrefugees.org\/wp-content\/uploads\/2021\/05\/S-WEB-Goal-02.png 1500w\" sizes=\"auto, (max-width: 100px) 100vw, 100px\" \/><\/a> <a href=\"https:\/\/www.un.org\/sustainabledevelopment\/es\/health\/\" target=\"_blank\" rel=\"noopener noreferrer\"><img loading=\"lazy\" decoding=\"async\" class=\"alignnone wp-image-3040\" src=\"https:\/\/madridforrefugees.org\/wp-content\/uploads\/2021\/05\/S-WEB-Goal-03-150x150.png\" alt=\"\" width=\"100\" height=\"100\" srcset=\"https:\/\/madridforrefugees.org\/wp-content\/uploads\/2021\/05\/S-WEB-Goal-03-150x150.png 150w, https:\/\/madridforrefugees.org\/wp-content\/uploads\/2021\/05\/S-WEB-Goal-03-300x300.png 300w, https:\/\/madridforrefugees.org\/wp-content\/uploads\/2021\/05\/S-WEB-Goal-03-1024x1024.png 1024w, https:\/\/madridforrefugees.org\/wp-content\/uploads\/2021\/05\/S-WEB-Goal-03-768x768.png 768w, https:\/\/madridforrefugees.org\/wp-content\/uploads\/2021\/05\/S-WEB-Goal-03-200x200.png 200w, https:\/\/madridforrefugees.org\/wp-content\/uploads\/2021\/05\/S-WEB-Goal-03.png 1500w\" sizes=\"auto, (max-width: 100px) 100vw, 100px\" \/><\/a> <a href=\"https:\/\/www.un.org\/sustainabledevelopment\/es\/education\/\" target=\"_blank\" rel=\"noopener noreferrer\"><img loading=\"lazy\" decoding=\"async\" class=\"alignnone wp-image-3041\" src=\"https:\/\/madridforrefugees.org\/wp-content\/uploads\/2021\/05\/S-WEB-Goal-04-150x150.png\" alt=\"\" width=\"100\" height=\"100\" srcset=\"https:\/\/madridforrefugees.org\/wp-content\/uploads\/2021\/05\/S-WEB-Goal-04-150x150.png 150w, https:\/\/madridforrefugees.org\/wp-content\/uploads\/2021\/05\/S-WEB-Goal-04-300x300.png 300w, https:\/\/madridforrefugees.org\/wp-content\/uploads\/2021\/05\/S-WEB-Goal-04-1024x1024.png 1024w, https:\/\/madridforrefugees.org\/wp-content\/uploads\/2021\/05\/S-WEB-Goal-04-768x768.png 768w, https:\/\/madridforrefugees.org\/wp-content\/uploads\/2021\/05\/S-WEB-Goal-04-200x200.png 200w, https:\/\/madridforrefugees.org\/wp-content\/uploads\/2021\/05\/S-WEB-Goal-04.png 1500w\" sizes=\"auto, (max-width: 100px) 100vw, 100px\" \/><\/a><a href=\"https:\/\/www.un.org\/sustainabledevelopment\/es\/gender-equality\/\" target=\"_blank\" rel=\"noopener noreferrer\"> <img loading=\"lazy\" decoding=\"async\" class=\"alignnone wp-image-3042\" src=\"https:\/\/madridforrefugees.org\/wp-content\/uploads\/2021\/05\/S-WEB-Goal-05-150x150.png\" alt=\"\" width=\"100\" height=\"100\" srcset=\"https:\/\/madridforrefugees.org\/wp-content\/uploads\/2021\/05\/S-WEB-Goal-05-150x150.png 150w, https:\/\/madridforrefugees.org\/wp-content\/uploads\/2021\/05\/S-WEB-Goal-05-300x300.png 300w, https:\/\/madridforrefugees.org\/wp-content\/uploads\/2021\/05\/S-WEB-Goal-05-1024x1024.png 1024w, https:\/\/madridforrefugees.org\/wp-content\/uploads\/2021\/05\/S-WEB-Goal-05-768x768.png 768w, https:\/\/madridforrefugees.org\/wp-content\/uploads\/2021\/05\/S-WEB-Goal-05-200x200.png 200w, https:\/\/madridforrefugees.org\/wp-content\/uploads\/2021\/05\/S-WEB-Goal-05.png 1500w\" sizes=\"auto, (max-width: 100px) 100vw, 100px\" \/><\/a> <a href=\"https:\/\/www.un.org\/sustainabledevelopment\/es\/economic-growth\/\" target=\"_blank\" rel=\"noopener noreferrer\"><img loading=\"lazy\" decoding=\"async\" class=\"alignnone wp-image-3045\" src=\"https:\/\/madridforrefugees.org\/wp-content\/uploads\/2021\/05\/S-WEB-Goal-08-150x150.png\" alt=\"\" width=\"100\" height=\"100\" srcset=\"https:\/\/madridforrefugees.org\/wp-content\/uploads\/2021\/05\/S-WEB-Goal-08-150x150.png 150w, https:\/\/madridforrefugees.org\/wp-content\/uploads\/2021\/05\/S-WEB-Goal-08-300x300.png 300w, https:\/\/madridforrefugees.org\/wp-content\/uploads\/2021\/05\/S-WEB-Goal-08-1024x1024.png 1024w, https:\/\/madridforrefugees.org\/wp-content\/uploads\/2021\/05\/S-WEB-Goal-08-768x768.png 768w, https:\/\/madridforrefugees.org\/wp-content\/uploads\/2021\/05\/S-WEB-Goal-08-200x200.png 200w, https:\/\/madridforrefugees.org\/wp-content\/uploads\/2021\/05\/S-WEB-Goal-08.png 1500w\" sizes=\"auto, (max-width: 100px) 100vw, 100px\" \/><\/a><a href=\"https:\/\/www.un.org\/sustainabledevelopment\/es\/infrastructure\/\" target=\"_blank\" rel=\"noopener noreferrer\"> <img loading=\"lazy\" decoding=\"async\" class=\"alignnone wp-image-3046\" src=\"https:\/\/madridforrefugees.org\/wp-content\/uploads\/2021\/05\/S-WEB-Goal-09-150x150.png\" alt=\"\" width=\"100\" height=\"100\" srcset=\"https:\/\/madridforrefugees.org\/wp-content\/uploads\/2021\/05\/S-WEB-Goal-09-150x150.png 150w, https:\/\/madridforrefugees.org\/wp-content\/uploads\/2021\/05\/S-WEB-Goal-09-300x300.png 300w, https:\/\/madridforrefugees.org\/wp-content\/uploads\/2021\/05\/S-WEB-Goal-09-1024x1024.png 1024w, https:\/\/madridforrefugees.org\/wp-content\/uploads\/2021\/05\/S-WEB-Goal-09-768x768.png 768w, https:\/\/madridforrefugees.org\/wp-content\/uploads\/2021\/05\/S-WEB-Goal-09-200x200.png 200w, https:\/\/madridforrefugees.org\/wp-content\/uploads\/2021\/05\/S-WEB-Goal-09.png 1500w\" sizes=\"auto, (max-width: 100px) 100vw, 100px\" \/>\u00a0<\/a><a href=\"https:\/\/www.un.org\/sustainabledevelopment\/es\/inequality\/\" target=\"_blank\" rel=\"noopener noreferrer\"> <img loading=\"lazy\" decoding=\"async\" class=\"alignnone wp-image-3047\" src=\"https:\/\/madridforrefugees.org\/wp-content\/uploads\/2021\/05\/S-WEB-Goal-10-150x150.png\" alt=\"\" width=\"100\" height=\"100\" srcset=\"https:\/\/madridforrefugees.org\/wp-content\/uploads\/2021\/05\/S-WEB-Goal-10-150x150.png 150w, https:\/\/madridforrefugees.org\/wp-content\/uploads\/2021\/05\/S-WEB-Goal-10-300x300.png 300w, https:\/\/madridforrefugees.org\/wp-content\/uploads\/2021\/05\/S-WEB-Goal-10-1024x1024.png 1024w, https:\/\/madridforrefugees.org\/wp-content\/uploads\/2021\/05\/S-WEB-Goal-10-768x768.png 768w, https:\/\/madridforrefugees.org\/wp-content\/uploads\/2021\/05\/S-WEB-Goal-10-200x200.png 200w, https:\/\/madridforrefugees.org\/wp-content\/uploads\/2021\/05\/S-WEB-Goal-10.png 1500w\" sizes=\"auto, (max-width: 100px) 100vw, 100px\" \/><\/a> <a href=\"https:\/\/www.un.org\/sustainabledevelopment\/es\/cities\" target=\"_blank\" rel=\"noopener noreferrer\"><img loading=\"lazy\" decoding=\"async\" class=\"alignnone wp-image-3048\" src=\"https:\/\/madridforrefugees.org\/wp-content\/uploads\/2021\/05\/S-WEB-Goal-11-150x150.png\" alt=\"\" width=\"100\" height=\"100\" srcset=\"https:\/\/madridforrefugees.org\/wp-content\/uploads\/2021\/05\/S-WEB-Goal-11-150x150.png 150w, https:\/\/madridforrefugees.org\/wp-content\/uploads\/2021\/05\/S-WEB-Goal-11-300x300.png 300w, https:\/\/madridforrefugees.org\/wp-content\/uploads\/2021\/05\/S-WEB-Goal-11-1024x1024.png 1024w, https:\/\/madridforrefugees.org\/wp-content\/uploads\/2021\/05\/S-WEB-Goal-11-768x768.png 768w, https:\/\/madridforrefugees.org\/wp-content\/uploads\/2021\/05\/S-WEB-Goal-11-200x200.png 200w, https:\/\/madridforrefugees.org\/wp-content\/uploads\/2021\/05\/S-WEB-Goal-11.png 1500w\" sizes=\"auto, (max-width: 100px) 100vw, 100px\" \/><\/a> <a href=\"https:\/\/www.un.org\/sustainabledevelopment\/es\/climate-change-2\/\" target=\"_blank\" rel=\"noopener noreferrer\"><img loading=\"lazy\" decoding=\"async\" class=\"alignnone wp-image-3050\" src=\"https:\/\/madridforrefugees.org\/wp-content\/uploads\/2021\/05\/S-WEB-Goal-13-150x150.png\" alt=\"\" width=\"100\" height=\"100\" srcset=\"https:\/\/madridforrefugees.org\/wp-content\/uploads\/2021\/05\/S-WEB-Goal-13-150x150.png 150w, https:\/\/madridforrefugees.org\/wp-content\/uploads\/2021\/05\/S-WEB-Goal-13-300x300.png 300w, https:\/\/madridforrefugees.org\/wp-content\/uploads\/2021\/05\/S-WEB-Goal-13-1024x1024.png 1024w, https:\/\/madridforrefugees.org\/wp-content\/uploads\/2021\/05\/S-WEB-Goal-13-768x768.png 768w, https:\/\/madridforrefugees.org\/wp-content\/uploads\/2021\/05\/S-WEB-Goal-13-200x200.png 200w, https:\/\/madridforrefugees.org\/wp-content\/uploads\/2021\/05\/S-WEB-Goal-13.png 1500w\" sizes=\"auto, (max-width: 100px) 100vw, 100px\" \/><\/a> <a href=\"https:\/\/www.un.org\/sustainabledevelopment\/es\/peace-justice\/\" target=\"_blank\" rel=\"noopener noreferrer\"><img loading=\"lazy\" decoding=\"async\" class=\"alignnone wp-image-3053\" src=\"https:\/\/madridforrefugees.org\/wp-content\/uploads\/2021\/05\/S-WEB-Goal-16-150x150.png\" alt=\"\" width=\"100\" height=\"100\" srcset=\"https:\/\/madridforrefugees.org\/wp-content\/uploads\/2021\/05\/S-WEB-Goal-16-150x150.png 150w, https:\/\/madridforrefugees.org\/wp-content\/uploads\/2021\/05\/S-WEB-Goal-16-300x300.png 300w, https:\/\/madridforrefugees.org\/wp-content\/uploads\/2021\/05\/S-WEB-Goal-16-1024x1024.png 1024w, https:\/\/madridforrefugees.org\/wp-content\/uploads\/2021\/05\/S-WEB-Goal-16-768x768.png 768w, https:\/\/madridforrefugees.org\/wp-content\/uploads\/2021\/05\/S-WEB-Goal-16-200x200.png 200w, https:\/\/madridforrefugees.org\/wp-content\/uploads\/2021\/05\/S-WEB-Goal-16.png 1500w\" sizes=\"auto, (max-width: 100px) 100vw, 100px\" \/><\/a><a href=\"https:\/\/www.un.org\/sustainabledevelopment\/es\/globalpartnerships\/\" target=\"_blank\" rel=\"noopener noreferrer\"><img loading=\"lazy\" decoding=\"async\" class=\"alignnone wp-image-3037\" src=\"https:\/\/madridforrefugees.org\/wp-content\/uploads\/2021\/05\/S-WEB-Goal-17-150x150.png\" alt=\"\" width=\"100\" height=\"100\" srcset=\"https:\/\/madridforrefugees.org\/wp-content\/uploads\/2021\/05\/S-WEB-Goal-17-150x150.png 150w, https:\/\/madridforrefugees.org\/wp-content\/uploads\/2021\/05\/S-WEB-Goal-17-300x300.png 300w, https:\/\/madridforrefugees.org\/wp-content\/uploads\/2021\/05\/S-WEB-Goal-17-1024x1024.png 1024w, https:\/\/madridforrefugees.org\/wp-content\/uploads\/2021\/05\/S-WEB-Goal-17-768x768.png 768w, https:\/\/madridforrefugees.org\/wp-content\/uploads\/2021\/05\/S-WEB-Goal-17-200x200.png 200w, https:\/\/madridforrefugees.org\/wp-content\/uploads\/2021\/05\/S-WEB-Goal-17.png 1500w\" sizes=\"auto, (max-width: 100px) 100vw, 100px\" \/><\/a><\/p>\n<h2><b>Oportunidades de visibilidad para su empresa<\/b><\/h2>\n<p><span style=\"font-weight: 400;\">Hay muchas oportunidades para que su organizaci\u00f3n muestre su impacto social positivo seg\u00fan el nivel de participaci\u00f3n, entre las que se incluyen:<\/span><span style=\"font-weight: 400;\"><br \/>\n<\/span><\/p>\n<ul>\n<li style=\"font-weight: 400;\" aria-level=\"1\"><span style=\"font-weight: 400;\">Comunicados de prensa, art\u00edculos y publicaciones de blogs sobre su participaci\u00f3n.<\/span><\/li>\n<li style=\"font-weight: 400;\" aria-level=\"1\"><span style=\"font-weight: 400;\">Logotipo de la empresa en la portada de MFR.<\/span><\/li>\n<li style=\"font-weight: 400;\" aria-level=\"1\"><span style=\"font-weight: 400;\">Uso del logo de MFR en sus medios.<\/span><\/li>\n<li style=\"font-weight: 400;\" aria-level=\"1\"><span style=\"font-weight: 400;\">Promoci\u00f3n de redes sociales.<\/span><\/li>\n<li style=\"font-weight: 400;\" aria-level=\"1\"><span style=\"font-weight: 400;\">P\u00e1gina web dedicada a su participaci\u00f3n.<\/span><\/li>\n<li style=\"font-weight: 400;\" aria-level=\"1\"><span style=\"font-weight: 400;\">Oportunidades conjuntas para los medios.<\/span><\/li>\n<li style=\"font-weight: 400;\" aria-level=\"1\"><span style=\"font-weight: 400;\">Posibles oportunidades para colaborar con otros colaboradores de MFR.<\/span><\/li>\n<\/ul>\n<h2><b>Como colaborar<\/b><\/h2>\n<p><span style=\"font-weight: 400;\">Una asociaci\u00f3n de RSE con MFR podr\u00eda consistir en un patrocinio financiero filantr\u00f3pico permanente de los programas de MFR o campa\u00f1as de recogida de materiales utilizados en nuestras iniciativas de apoyo a la comunidad. As\u00ed mismo, la experiencia de su equipo podr\u00e1 mejorar los programas que ejecutamos y participar en oportunidades de voluntariado en la comunidad.\u00a0<\/span><\/p>\n<ul>\n<li style=\"font-weight: 400;\" aria-level=\"1\"><span style=\"font-weight: 400;\">Patrocinar un curso\u00a0<\/span><\/li>\n<li style=\"font-weight: 400;\" aria-level=\"1\"><span style=\"font-weight: 400;\">Ofrecer oportunidades potenciales de empleo\/pr\u00e1cticas o tutor\u00eda a los usuarios.<\/span><\/li>\n<li style=\"font-weight: 400;\" aria-level=\"1\"><span style=\"font-weight: 400;\">Donar productos o servicios de la empresa.\u00a0<\/span><\/li>\n<li style=\"font-weight: 400;\" aria-level=\"1\"><span style=\"font-weight: 400;\">Realizar una campa\u00f1a de donaciones para recolectar materiales utilizados en nuestras iniciativas de apoyo a la comunidad.<\/span><\/li>\n<li style=\"font-weight: 400;\" aria-level=\"1\"><span style=\"font-weight: 400;\">Posibles oportunidades de voluntariado.\u00a0<\/span><\/li>\n<\/ul>\n<h2>Cont\u00e1ctanos<\/h2>\n<p><span style=\"font-weight: 400;\">Si te interesa una colaboraci\u00f3n con MFR, cont\u00e1ctanos en <a href=\"mailto:info@madridforrefugees.org\">info@madridforrefugees.org<\/a>.<\/span><\/p>\n","protected":false},"excerpt":{"rendered":"<p>El 71 % de los clientes dicen que perder\u00edan la confianza en una marca que antepone los beneficios a las personas, especialmente durante la crisis de la COVID-19. Este es solo uno de los motivos por los que las iniciativas de Responsabilidad Social Corporativa (RSC) son cada vez m\u00e1s importantes &hellip;<\/p>\n","protected":false},"author":5,"featured_media":3093,"parent":0,"menu_order":0,"comment_status":"closed","ping_status":"closed","template":"","meta":{"_monsterinsights_skip_tracking":false,"_monsterinsights_sitenote_active":false,"_monsterinsights_sitenote_note":"","_monsterinsights_sitenote_category":0,"footnotes":""},"class_list":["post-3034","page","type-page","status-publish","has-post-thumbnail","hentry"],"yoast_head":"<!-- This site is optimized with the Yoast SEO plugin v25.2 - https:\/\/yoast.com\/wordpress\/plugins\/seo\/ -->\n<title>Oportunidades de Responsabilidad Social Corporativa (RSC) - Madrid For Refugees<\/title>\n<meta name=\"robots\" content=\"index, follow, max-snippet:-1, max-image-preview:large, max-video-preview:-1\" \/>\n<link rel=\"canonical\" href=\"https:\/\/madridforrefugees.org\/es\/rsc\/\" \/>\n<meta property=\"og:locale\" content=\"es_ES\" \/>\n<meta property=\"og:type\" content=\"article\" \/>\n<meta property=\"og:title\" content=\"Oportunidades de Responsabilidad Social Corporativa (RSC) - Madrid For Refugees\" \/>\n<meta property=\"og:description\" content=\"El 71 % de los clientes dicen que perder\u00edan la confianza en una marca que antepone los beneficios a las personas, especialmente durante la crisis de la COVID-19. Este es solo uno de los motivos por los que las iniciativas de Responsabilidad Social Corporativa (RSC) son cada vez m\u00e1s importantes &hellip;\" \/>\n<meta property=\"og:url\" content=\"https:\/\/madridforrefugees.org\/es\/rsc\/\" \/>\n<meta property=\"og:site_name\" content=\"Madrid For Refugees\" \/>\n<meta property=\"article:publisher\" content=\"https:\/\/www.facebook.com\/Madrid4Refugees\/\" \/>\n<meta property=\"article:modified_time\" content=\"2021-05-18T13:30:39+00:00\" \/>\n<meta property=\"og:image\" content=\"https:\/\/madridforrefugees.org\/wp-content\/uploads\/2021\/05\/EA.jpeg\" \/>\n\t<meta property=\"og:image:width\" content=\"2016\" \/>\n\t<meta property=\"og:image:height\" content=\"1134\" \/>\n\t<meta property=\"og:image:type\" content=\"image\/jpeg\" \/>\n<meta name=\"twitter:card\" content=\"summary_large_image\" \/>\n<meta name=\"twitter:site\" content=\"@Madrid4Refugees\" \/>\n<meta name=\"twitter:label1\" content=\"Tiempo de lectura\" \/>\n\t<meta name=\"twitter:data1\" content=\"4 minutos\" \/>\n<script type=\"application\/ld+json\" class=\"yoast-schema-graph\">{\"@context\":\"https:\/\/schema.org\",\"@graph\":[{\"@type\":\"WebPage\",\"@id\":\"https:\/\/madridforrefugees.org\/es\/rsc\/\",\"url\":\"https:\/\/madridforrefugees.org\/es\/rsc\/\",\"name\":\"Oportunidades de Responsabilidad Social Corporativa (RSC) - Madrid For Refugees\",\"isPartOf\":{\"@id\":\"https:\/\/madridforrefugees.org\/es\/home-2\/#website\"},\"primaryImageOfPage\":{\"@id\":\"https:\/\/madridforrefugees.org\/es\/rsc\/#primaryimage\"},\"image\":{\"@id\":\"https:\/\/madridforrefugees.org\/es\/rsc\/#primaryimage\"},\"thumbnailUrl\":\"https:\/\/madridforrefugees.org\/wp-content\/uploads\/2021\/05\/EA.jpeg\",\"datePublished\":\"2021-05-02T17:00:18+00:00\",\"dateModified\":\"2021-05-18T13:30:39+00:00\",\"breadcrumb\":{\"@id\":\"https:\/\/madridforrefugees.org\/es\/rsc\/#breadcrumb\"},\"inLanguage\":\"es\",\"potentialAction\":[{\"@type\":\"ReadAction\",\"target\":[\"https:\/\/madridforrefugees.org\/es\/rsc\/\"]}]},{\"@type\":\"ImageObject\",\"inLanguage\":\"es\",\"@id\":\"https:\/\/madridforrefugees.org\/es\/rsc\/#primaryimage\",\"url\":\"https:\/\/madridforrefugees.org\/wp-content\/uploads\/2021\/05\/EA.jpeg\",\"contentUrl\":\"https:\/\/madridforrefugees.org\/wp-content\/uploads\/2021\/05\/EA.jpeg\",\"width\":2016,\"height\":1134},{\"@type\":\"BreadcrumbList\",\"@id\":\"https:\/\/madridforrefugees.org\/es\/rsc\/#breadcrumb\",\"itemListElement\":[{\"@type\":\"ListItem\",\"position\":1,\"name\":\"Home\",\"item\":\"https:\/\/madridforrefugees.org\/es\/\"},{\"@type\":\"ListItem\",\"position\":2,\"name\":\"Oportunidades de Responsabilidad Social Corporativa (RSC)\"}]},{\"@type\":\"WebSite\",\"@id\":\"https:\/\/madridforrefugees.org\/es\/home-2\/#website\",\"url\":\"https:\/\/madridforrefugees.org\/es\/home-2\/\",\"name\":\"MadridForRefugees\",\"description\":\"Helping Refugees in Madrid and Abroad\",\"publisher\":{\"@id\":\"https:\/\/madridforrefugees.org\/es\/home-2\/#organization\"},\"potentialAction\":[{\"@type\":\"SearchAction\",\"target\":{\"@type\":\"EntryPoint\",\"urlTemplate\":\"https:\/\/madridforrefugees.org\/es\/home-2\/?s={search_term_string}\"},\"query-input\":{\"@type\":\"PropertyValueSpecification\",\"valueRequired\":true,\"valueName\":\"search_term_string\"}}],\"inLanguage\":\"es\"},{\"@type\":\"Organization\",\"@id\":\"https:\/\/madridforrefugees.org\/es\/home-2\/#organization\",\"name\":\"Madrid for Refugees\",\"url\":\"https:\/\/madridforrefugees.org\/es\/home-2\/\",\"logo\":{\"@type\":\"ImageObject\",\"inLanguage\":\"es\",\"@id\":\"https:\/\/madridforrefugees.org\/es\/home-2\/#\/schema\/logo\/image\/\",\"url\":\"https:\/\/madridforrefugees.org\/wp-content\/uploads\/2021\/11\/MFR-Logo-Initials-Words.png\",\"contentUrl\":\"https:\/\/madridforrefugees.org\/wp-content\/uploads\/2021\/11\/MFR-Logo-Initials-Words.png\",\"width\":233,\"height\":83,\"caption\":\"Madrid for Refugees\"},\"image\":{\"@id\":\"https:\/\/madridforrefugees.org\/es\/home-2\/#\/schema\/logo\/image\/\"},\"sameAs\":[\"https:\/\/www.facebook.com\/Madrid4Refugees\/\",\"https:\/\/x.com\/Madrid4Refugees\",\"https:\/\/www.instagram.com\/weloverefugees\/\",\"https:\/\/www.linkedin.com\/company\/madrid-for-refugees\",\"https:\/\/www.pinterest.com\/weloverefugees\/\"]}]}<\/script>\n<!-- \/ Yoast SEO plugin. -->","yoast_head_json":{"title":"Oportunidades de Responsabilidad Social Corporativa (RSC) - Madrid For Refugees","robots":{"index":"index","follow":"follow","max-snippet":"max-snippet:-1","max-image-preview":"max-image-preview:large","max-video-preview":"max-video-preview:-1"},"canonical":"https:\/\/madridforrefugees.org\/es\/rsc\/","og_locale":"es_ES","og_type":"article","og_title":"Oportunidades de Responsabilidad Social Corporativa (RSC) - Madrid For Refugees","og_description":"El 71 % de los clientes dicen que perder\u00edan la confianza en una marca que antepone los beneficios a las personas, especialmente durante la crisis de la COVID-19. Este es solo uno de los motivos por los que las iniciativas de Responsabilidad Social Corporativa (RSC) son cada vez m\u00e1s importantes &hellip;","og_url":"https:\/\/madridforrefugees.org\/es\/rsc\/","og_site_name":"Madrid For Refugees","article_publisher":"https:\/\/www.facebook.com\/Madrid4Refugees\/","article_modified_time":"2021-05-18T13:30:39+00:00","og_image":[{"width":2016,"height":1134,"url":"https:\/\/madridforrefugees.org\/wp-content\/uploads\/2021\/05\/EA.jpeg","type":"image\/jpeg"}],"twitter_card":"summary_large_image","twitter_site":"@Madrid4Refugees","twitter_misc":{"Tiempo de lectura":"4 minutos"},"schema":{"@context":"https:\/\/schema.org","@graph":[{"@type":"WebPage","@id":"https:\/\/madridforrefugees.org\/es\/rsc\/","url":"https:\/\/madridforrefugees.org\/es\/rsc\/","name":"Oportunidades de Responsabilidad Social Corporativa (RSC) - Madrid For Refugees","isPartOf":{"@id":"https:\/\/madridforrefugees.org\/es\/home-2\/#website"},"primaryImageOfPage":{"@id":"https:\/\/madridforrefugees.org\/es\/rsc\/#primaryimage"},"image":{"@id":"https:\/\/madridforrefugees.org\/es\/rsc\/#primaryimage"},"thumbnailUrl":"https:\/\/madridforrefugees.org\/wp-content\/uploads\/2021\/05\/EA.jpeg","datePublished":"2021-05-02T17:00:18+00:00","dateModified":"2021-05-18T13:30:39+00:00","breadcrumb":{"@id":"https:\/\/madridforrefugees.org\/es\/rsc\/#breadcrumb"},"inLanguage":"es","potentialAction":[{"@type":"ReadAction","target":["https:\/\/madridforrefugees.org\/es\/rsc\/"]}]},{"@type":"ImageObject","inLanguage":"es","@id":"https:\/\/madridforrefugees.org\/es\/rsc\/#primaryimage","url":"https:\/\/madridforrefugees.org\/wp-content\/uploads\/2021\/05\/EA.jpeg","contentUrl":"https:\/\/madridforrefugees.org\/wp-content\/uploads\/2021\/05\/EA.jpeg","width":2016,"height":1134},{"@type":"BreadcrumbList","@id":"https:\/\/madridforrefugees.org\/es\/rsc\/#breadcrumb","itemListElement":[{"@type":"ListItem","position":1,"name":"Home","item":"https:\/\/madridforrefugees.org\/es\/"},{"@type":"ListItem","position":2,"name":"Oportunidades de Responsabilidad Social Corporativa (RSC)"}]},{"@type":"WebSite","@id":"https:\/\/madridforrefugees.org\/es\/home-2\/#website","url":"https:\/\/madridforrefugees.org\/es\/home-2\/","name":"MadridForRefugees","description":"Helping Refugees in Madrid and Abroad","publisher":{"@id":"https:\/\/madridforrefugees.org\/es\/home-2\/#organization"},"potentialAction":[{"@type":"SearchAction","target":{"@type":"EntryPoint","urlTemplate":"https:\/\/madridforrefugees.org\/es\/home-2\/?s={search_term_string}"},"query-input":{"@type":"PropertyValueSpecification","valueRequired":true,"valueName":"search_term_string"}}],"inLanguage":"es"},{"@type":"Organization","@id":"https:\/\/madridforrefugees.org\/es\/home-2\/#organization","name":"Madrid for Refugees","url":"https:\/\/madridforrefugees.org\/es\/home-2\/","logo":{"@type":"ImageObject","inLanguage":"es","@id":"https:\/\/madridforrefugees.org\/es\/home-2\/#\/schema\/logo\/image\/","url":"https:\/\/madridforrefugees.org\/wp-content\/uploads\/2021\/11\/MFR-Logo-Initials-Words.png","contentUrl":"https:\/\/madridforrefugees.org\/wp-content\/uploads\/2021\/11\/MFR-Logo-Initials-Words.png","width":233,"height":83,"caption":"Madrid for Refugees"},"image":{"@id":"https:\/\/madridforrefugees.org\/es\/home-2\/#\/schema\/logo\/image\/"},"sameAs":["https:\/\/www.facebook.com\/Madrid4Refugees\/","https:\/\/x.com\/Madrid4Refugees","https:\/\/www.instagram.com\/weloverefugees\/","https:\/\/www.linkedin.com\/company\/madrid-for-refugees","https:\/\/www.pinterest.com\/weloverefugees\/"]}]}},"jetpack_likes_enabled":true,"jetpack_sharing_enabled":true,"_links":{"self":[{"href":"https:\/\/madridforrefugees.org\/es\/wp-json\/wp\/v2\/pages\/3034","targetHints":{"allow":["GET"]}}],"collection":[{"href":"https:\/\/madridforrefugees.org\/es\/wp-json\/wp\/v2\/pages"}],"about":[{"href":"https:\/\/madridforrefugees.org\/es\/wp-json\/wp\/v2\/types\/page"}],"author":[{"embeddable":true,"href":"https:\/\/madridforrefugees.org\/es\/wp-json\/wp\/v2\/users\/5"}],"replies":[{"embeddable":true,"href":"https:\/\/madridforrefugees.org\/es\/wp-json\/wp\/v2\/comments?post=3034"}],"version-history":[{"count":0,"href":"https:\/\/madridforrefugees.org\/es\/wp-json\/wp\/v2\/pages\/3034\/revisions"}],"wp:featuredmedia":[{"embeddable":true,"href":"https:\/\/madridforrefugees.org\/es\/wp-json\/wp\/v2\/media\/3093"}],"wp:attachment":[{"href":"https:\/\/madridforrefugees.org\/es\/wp-json\/wp\/v2\/media?parent=3034"}],"curies":[{"name":"wp","href":"https:\/\/api.w.org\/{rel}","templated":true}]}}